{"id":841,"date":"2020-08-19T00:10:30","date_gmt":"2020-08-18T22:10:30","guid":{"rendered":"https:\/\/www.somacentrum.online\/home\/?page_id=841"},"modified":"2025-12-03T21:11:52","modified_gmt":"2025-12-03T20:11:52","slug":"blog","status":"publish","type":"page","link":"https:\/\/www.somacentrum.online\/home\/blog\/","title":{"rendered":"blog"},"content":{"rendered":"\t\t<div data-elementor-type=\"wp-page\" data-elementor-id=\"841\" class=\"elementor elementor-841\">\n\t\t\t\t\t\t<section class=\"elementor-section elementor-top-section elementor-element elementor-element-7b3a061 elementor-section-boxed elementor-section-height-default elementor-section-height-default\" data-id=\"7b3a061\" data-element_type=\"section\">\n\t\t\t\t\t\t<div class=\"elementor-container elementor-column-gap-default\">\n\t\t\t\t\t<div class=\"aux-parallax-section elementor-column elementor-col-100 elementor-top-column elementor-element elementor-element-60cd40c\" data-id=\"60cd40c\" data-element_type=\"column\">\n\t\t\t<div class=\"elementor-widget-wrap elementor-element-populated\">\n\t\t\t\t\t\t<div class=\"elementor-element elementor-element-5ae0941 elementor-widget elementor-widget-spacer\" data-id=\"5ae0941\" data-element_type=\"widget\" data-widget_type=\"spacer.default\">\n\t\t\t\t<div class=\"elementor-widget-container\">\n\t\t\t\t\t\t\t<div class=\"elementor-spacer\">\n\t\t\t<div class=\"elementor-spacer-inner\"><\/div>\n\t\t<\/div>\n\t\t\t\t\t\t<\/div>\n\t\t\t\t<\/div>\n\t\t\t\t<div class=\"elementor-element elementor-element-854da84 elementor-widget elementor-widget-aux_recent_posts\" data-id=\"854da84\" data-element_type=\"widget\" data-settings=\"{&quot;columns&quot;:&quot;3&quot;,&quot;columns_tablet&quot;:&quot;inherit&quot;,&quot;columns_mobile&quot;:&quot;1&quot;}\" data-widget_type=\"aux_recent_posts.default\">\n\t\t\t\t<div class=\"elementor-widget-container\">\n\t\t\t\t\t<section class=\"widget-container aux-widget-recent-posts aux-parent-au3e3c57a7\"><div data-element-id=\"au3e3c57a7\" class=\"aux-match-height aux-row aux-de-col3 aux-tb-col3 aux-mb-col1 aux-total-25 aux-entry-boxed aux-ajax-view  \"><div class=\"aux-col post-2539\">\n                        <article class=\"post column-entry post-2539 type-post status-publish format-standard has-post-thumbnail hentry category-makrobiotika category-relax tag-macrobiotics tag-balance tag-vitality tag-health\">\n                                                        <div class=\"entry-media\"><div class=\"aux-media-frame aux-media-image aux-image-mask\"><a href=\"https:\/\/www.somacentrum.online\/home\/sila-bylinnych-cajov\/\"><img decoding=\"async\" src=\"https:\/\/www.somacentrum.online\/home\/wp-content\/uploads\/2025\/12\/soma-bylinkeren-337x189.jpg\" class=\"aux-attachment aux-featured-image attachment-336.666666667x188.533333333 aux-attachment-id-2540 \" alt=\"soma-bylinkeren\" srcset=\"https:\/\/www.somacentrum.online\/home\/wp-content\/uploads\/2025\/12\/soma-bylinkeren-150x84.jpg 150w,https:\/\/www.somacentrum.online\/home\/wp-content\/uploads\/2025\/12\/soma-bylinkeren-300x168.jpg 300w,https:\/\/www.somacentrum.online\/home\/wp-content\/uploads\/2025\/12\/soma-bylinkeren-768x430.jpg 768w,https:\/\/www.somacentrum.online\/home\/wp-content\/uploads\/2025\/12\/soma-bylinkeren-1024x573.jpg 1024w,https:\/\/www.somacentrum.online\/home\/wp-content\/uploads\/2025\/12\/soma-bylinkeren-337x189.jpg 337w,https:\/\/www.somacentrum.online\/home\/wp-content\/uploads\/2025\/12\/soma-bylinkeren-1270x711.jpg 1270w\" data-ratio=\"1.79\" data-original-w=\"1280\" sizes=\"(max-width:479px) 480px,(max-width:767px) 768px,(max-width:1023px) 1024px,337px\" \/><\/a><\/div><\/div>\n                            \n                            <div class=\"entry-main\">\n                                                        \n                                <header class=\"entry-header\">\n                                \n                                    <h4 class=\"entry-title\">\n                                        <a href=\"https:\/\/www.somacentrum.online\/home\/sila-bylinnych-cajov\/\">\n                                            sila bylinn\u00fdch \u010dajov                                        <\/a>\n                                    <\/h4>\n                                                                    <div class=\"entry-format\">\n                                        <a href=\"https:\/\/www.somacentrum.online\/home\/sila-bylinnych-cajov\/\">\n                                            <div class=\"post-format format-\"> <\/div>\n                                        <\/a>\n                                    <\/div>\n                                <\/header>\n                                                            \n                                <div class=\"entry-info\">\n                                                                                                    <span class=\"entry-meta-sep meta-sep\">by<\/span>\n                                    <span class=\"author vcard\">\n                                        <a href=\"https:\/\/www.somacentrum.online\/home\/author\/eppli14\/\" rel=\"author\" title=\"View all posts by eppli eva kub\u00e1\u0148ov\u00e1\" >\n                                            eppli eva kub\u00e1\u0148ov\u00e1                                        <\/a>\n                                    <\/span>\n                                                                                                    <span class=\"entry-tax aux-no-sep\">\n                                        <a href=\"https:\/\/www.somacentrum.online\/home\/category\/makrobiotika\/\" title=\"View all posts in makrobiotika\" rel=\"category\" >makrobiotika<\/a>                                    <\/span>\n                                                                                                                                            <\/div>\n                            \n                                                            <div class=\"entry-content\">\n                                                                            <p>\nS \u00fa\u010dinkami lie\u010div\u00fdch byliniek alebo presnej\u0161ie rast\u00edn, sa u\u017e stretol asi ka\u017ed\u00fd z n\u00e1s. Naj\u010dastej\u0161ou formou vyu\u017eitia lie\u010div\u00fdch rast\u00edn s\u00fa \u010daje. Bylinn\u00e9 vo\u0148av\u00e9 \u010daj ...<\/p><div class=\"clear\"><\/div>                                <\/div>\n                                                                                        <footer class=\"entry-meta aux-after-content\">\n                                                                        <div class=\"readmore\">\n                                        <a href=\"https:\/\/www.somacentrum.online\/home\/sila-bylinnych-cajov\/\" class=\"aux-read-more\"><span class=\"aux-read-more-text\">Read More<\/span><\/a>\n                                    <\/div>\n                                                                    <\/footer>\n                            \n                            <\/div>\n\n                        <\/article>\n<\/div><div class=\"aux-col post-2415\">\n                        <article class=\"post column-entry post-2415 type-post status-publish format-standard has-post-thumbnail hentry category-arteterapia category-creativity category-relax tag-alternativa tag-art-therapy tag-thinking tag-relax tag-balance tag-self-reflection tag-vitality tag-health\">\n                                                        <div class=\"entry-media\"><div class=\"aux-media-frame aux-media-image aux-image-mask\"><a href=\"https:\/\/www.somacentrum.online\/home\/arteterapia-ako-na-to-rozhybte-svoju-fantaziu\/\"><img decoding=\"async\" src=\"https:\/\/www.somacentrum.online\/home\/wp-content\/uploads\/2025\/12\/theurgia-tvorte-krasu-I-337x189.jpg\" class=\"aux-attachment aux-featured-image attachment-336.666666667x188.533333333 aux-attachment-id-2402 \" alt=\"theurgia-tvorte-krasu-I\" srcset=\"https:\/\/www.somacentrum.online\/home\/wp-content\/uploads\/2025\/12\/theurgia-tvorte-krasu-I-150x84.jpg 150w,https:\/\/www.somacentrum.online\/home\/wp-content\/uploads\/2025\/12\/theurgia-tvorte-krasu-I-300x168.jpg 300w,https:\/\/www.somacentrum.online\/home\/wp-content\/uploads\/2025\/12\/theurgia-tvorte-krasu-I-768x430.jpg 768w,https:\/\/www.somacentrum.online\/home\/wp-content\/uploads\/2025\/12\/theurgia-tvorte-krasu-I-1024x573.jpg 1024w,https:\/\/www.somacentrum.online\/home\/wp-content\/uploads\/2025\/12\/theurgia-tvorte-krasu-I-337x189.jpg 337w,https:\/\/www.somacentrum.online\/home\/wp-content\/uploads\/2025\/12\/theurgia-tvorte-krasu-I-1270x711.jpg 1270w\" data-ratio=\"1.79\" data-original-w=\"1280\" sizes=\"(max-width:479px) 480px,(max-width:767px) 768px,(max-width:1023px) 1024px,337px\" \/><\/a><\/div><\/div>\n                            \n                            <div class=\"entry-main\">\n                                                        \n                                <header class=\"entry-header\">\n                                \n                                    <h4 class=\"entry-title\">\n                                        <a href=\"https:\/\/www.somacentrum.online\/home\/arteterapia-ako-na-to-rozhybte-svoju-fantaziu\/\">\n                                            arteterapia: ako na to?                                        <\/a>\n                                    <\/h4>\n                                                                    <div class=\"entry-format\">\n                                        <a href=\"https:\/\/www.somacentrum.online\/home\/arteterapia-ako-na-to-rozhybte-svoju-fantaziu\/\">\n                                            <div class=\"post-format format-\"> <\/div>\n                                        <\/a>\n                                    <\/div>\n                                <\/header>\n                                                            \n                                <div class=\"entry-info\">\n                                                                                                    <span class=\"entry-meta-sep meta-sep\">by<\/span>\n                                    <span class=\"author vcard\">\n                                        <a href=\"https:\/\/www.somacentrum.online\/home\/author\/eppli14\/\" rel=\"author\" title=\"View all posts by eppli eva kub\u00e1\u0148ov\u00e1\" >\n                                            eppli eva kub\u00e1\u0148ov\u00e1                                        <\/a>\n                                    <\/span>\n                                                                                                    <span class=\"entry-tax aux-no-sep\">\n                                        <a href=\"https:\/\/www.somacentrum.online\/home\/category\/arteterapia\/\" title=\"View all posts in arteterapia\" rel=\"category\" >arteterapia<\/a>                                    <\/span>\n                                                                                                                                            <\/div>\n                            \n                                                            <div class=\"entry-content\">\n                                                                            <p>\nrozh\u00fdbte svoju fant\u00e1ziu:\n\n\n\nPovo\u013ete uzdu svojej fant\u00e1zie. Sta\u010d\u00ed si vybra\u0165 len formu, pomocou ktorej sa chcete vyjadri\u0165 a necha\u0165 vypoveda\u0165 svoje podvedomie a fa ...<\/p><div class=\"clear\"><\/div>                                <\/div>\n                                                                                        <footer class=\"entry-meta aux-after-content\">\n                                                                        <div class=\"readmore\">\n                                        <a href=\"https:\/\/www.somacentrum.online\/home\/arteterapia-ako-na-to-rozhybte-svoju-fantaziu\/\" class=\"aux-read-more\"><span class=\"aux-read-more-text\">Read More<\/span><\/a>\n                                    <\/div>\n                                                                    <\/footer>\n                            \n                            <\/div>\n\n                        <\/article>\n<\/div><div class=\"aux-col post-2412\">\n                        <article class=\"post column-entry post-2412 type-post status-publish format-standard has-post-thumbnail hentry category-arteterapia category-creativity tag-alternativa tag-art-therapy tag-creativity tag-thinking tag-relax tag-balance tag-self-reflection tag-vitality tag-health\">\n                                                        <div class=\"entry-media\"><div class=\"aux-media-frame aux-media-image aux-image-mask\"><a href=\"https:\/\/www.somacentrum.online\/home\/arteterapia-prirodzeny-vstup-do-podvedomia\/\"><img decoding=\"async\" src=\"https:\/\/www.somacentrum.online\/home\/wp-content\/uploads\/2025\/12\/arteterapia_II-337x189.jpg\" class=\"aux-attachment aux-featured-image attachment-336.666666667x188.533333333 aux-attachment-id-2417 \" alt=\"arteterapia_II\" srcset=\"https:\/\/www.somacentrum.online\/home\/wp-content\/uploads\/2025\/12\/arteterapia_II-150x84.jpg 150w,https:\/\/www.somacentrum.online\/home\/wp-content\/uploads\/2025\/12\/arteterapia_II-300x168.jpg 300w,https:\/\/www.somacentrum.online\/home\/wp-content\/uploads\/2025\/12\/arteterapia_II-768x430.jpg 768w,https:\/\/www.somacentrum.online\/home\/wp-content\/uploads\/2025\/12\/arteterapia_II-1024x573.jpg 1024w,https:\/\/www.somacentrum.online\/home\/wp-content\/uploads\/2025\/12\/arteterapia_II-337x189.jpg 337w,https:\/\/www.somacentrum.online\/home\/wp-content\/uploads\/2025\/12\/arteterapia_II-1270x711.jpg 1270w\" data-ratio=\"1.79\" data-original-w=\"1280\" sizes=\"(max-width:479px) 480px,(max-width:767px) 768px,(max-width:1023px) 1024px,337px\" \/><\/a><\/div><\/div>\n                            \n                            <div class=\"entry-main\">\n                                                        \n                                <header class=\"entry-header\">\n                                \n                                    <h4 class=\"entry-title\">\n                                        <a href=\"https:\/\/www.somacentrum.online\/home\/arteterapia-prirodzeny-vstup-do-podvedomia\/\">\n                                            arteterapia: prirodzen\u00fd vstup do podvedomia                                        <\/a>\n                                    <\/h4>\n                                                                    <div class=\"entry-format\">\n                                        <a href=\"https:\/\/www.somacentrum.online\/home\/arteterapia-prirodzeny-vstup-do-podvedomia\/\">\n                                            <div class=\"post-format format-\"> <\/div>\n                                        <\/a>\n                                    <\/div>\n                                <\/header>\n                                                            \n                                <div class=\"entry-info\">\n                                                                                                    <span class=\"entry-meta-sep meta-sep\">by<\/span>\n                                    <span class=\"author vcard\">\n                                        <a href=\"https:\/\/www.somacentrum.online\/home\/author\/eppli14\/\" rel=\"author\" title=\"View all posts by eppli eva kub\u00e1\u0148ov\u00e1\" >\n                                            eppli eva kub\u00e1\u0148ov\u00e1                                        <\/a>\n                                    <\/span>\n                                                                                                    <span class=\"entry-tax aux-no-sep\">\n                                        <a href=\"https:\/\/www.somacentrum.online\/home\/category\/arteterapia\/\" title=\"View all posts in arteterapia\" rel=\"category\" >arteterapia<\/a>                                    <\/span>\n                                                                                                                                            <\/div>\n                            \n                                                            <div class=\"entry-content\">\n                                                                            <p>\nCie\u013eom arteterapeutick\u00fdch \u2013 kreat\u00edvnych cvi\u010den\u00ed je \u010do najprirodzenej\u0161\u00ed vstup do podvedom\u00fdch stavov, ktor\u00e9 ukr\u00fdvaj\u00fa d\u00f4vody konan\u00ed, emocion\u00e1lnych pre\u017e\u00edvan\u00ed a pod ...<\/p><div class=\"clear\"><\/div>                                <\/div>\n                                                                                        <footer class=\"entry-meta aux-after-content\">\n                                                                        <div class=\"readmore\">\n                                        <a href=\"https:\/\/www.somacentrum.online\/home\/arteterapia-prirodzeny-vstup-do-podvedomia\/\" class=\"aux-read-more\"><span class=\"aux-read-more-text\">Read More<\/span><\/a>\n                                    <\/div>\n                                                                    <\/footer>\n                            \n                            <\/div>\n\n                        <\/article>\n<\/div><div class=\"aux-col post-2487\">\n                        <article class=\"post column-entry post-2487 type-post status-publish format-standard has-post-thumbnail hentry category-creativity category-makrobiotika tag-alternativa tag-creativity tag-macrobiotics tag-thinking tag-balance tag-vitality tag-health\">\n                                                        <div class=\"entry-media\"><div class=\"aux-media-frame aux-media-image aux-image-mask\"><a href=\"https:\/\/www.somacentrum.online\/home\/makrobiotika-vyvazene-stravovanie\/\"><img decoding=\"async\" src=\"https:\/\/www.somacentrum.online\/home\/wp-content\/uploads\/2025\/12\/makrobiotika-vyvazene-stravovanie-337x189.jpg\" class=\"aux-attachment aux-featured-image attachment-336.666666667x188.533333333 aux-attachment-id-2488 \" alt=\"makrobiotika-vyvazene-stravovanie\" srcset=\"https:\/\/www.somacentrum.online\/home\/wp-content\/uploads\/2025\/12\/makrobiotika-vyvazene-stravovanie-150x84.jpg 150w,https:\/\/www.somacentrum.online\/home\/wp-content\/uploads\/2025\/12\/makrobiotika-vyvazene-stravovanie-300x168.jpg 300w,https:\/\/www.somacentrum.online\/home\/wp-content\/uploads\/2025\/12\/makrobiotika-vyvazene-stravovanie-768x430.jpg 768w,https:\/\/www.somacentrum.online\/home\/wp-content\/uploads\/2025\/12\/makrobiotika-vyvazene-stravovanie-1024x573.jpg 1024w,https:\/\/www.somacentrum.online\/home\/wp-content\/uploads\/2025\/12\/makrobiotika-vyvazene-stravovanie-337x189.jpg 337w,https:\/\/www.somacentrum.online\/home\/wp-content\/uploads\/2025\/12\/makrobiotika-vyvazene-stravovanie-1270x711.jpg 1270w\" data-ratio=\"1.79\" data-original-w=\"1280\" sizes=\"(max-width:479px) 480px,(max-width:767px) 768px,(max-width:1023px) 1024px,337px\" \/><\/a><\/div><\/div>\n                            \n                            <div class=\"entry-main\">\n                                                        \n                                <header class=\"entry-header\">\n                                \n                                    <h4 class=\"entry-title\">\n                                        <a href=\"https:\/\/www.somacentrum.online\/home\/makrobiotika-vyvazene-stravovanie\/\">\n                                            makrobiotika: vyv\u00e1\u017een\u00e9 stravovanie                                        <\/a>\n                                    <\/h4>\n                                                                    <div class=\"entry-format\">\n                                        <a href=\"https:\/\/www.somacentrum.online\/home\/makrobiotika-vyvazene-stravovanie\/\">\n                                            <div class=\"post-format format-\"> <\/div>\n                                        <\/a>\n                                    <\/div>\n                                <\/header>\n                                                            \n                                <div class=\"entry-info\">\n                                                                                                    <span class=\"entry-meta-sep meta-sep\">by<\/span>\n                                    <span class=\"author vcard\">\n                                        <a href=\"https:\/\/www.somacentrum.online\/home\/author\/eppli14\/\" rel=\"author\" title=\"View all posts by eppli eva kub\u00e1\u0148ov\u00e1\" >\n                                            eppli eva kub\u00e1\u0148ov\u00e1                                        <\/a>\n                                    <\/span>\n                                                                                                    <span class=\"entry-tax aux-no-sep\">\n                                        <a href=\"https:\/\/www.somacentrum.online\/home\/category\/creativity\/\" title=\"View all posts in kreativita\" rel=\"category\" >kreativita<\/a>                                    <\/span>\n                                                                                                                                            <\/div>\n                            \n                                                            <div class=\"entry-content\">\n                                                                            <p>\nAk chceme z\u00edska\u0165 harm\u00f3niu vyv\u00e1\u017eenou stravou, pok\u00fasme sa pozrie\u0165 \u00a0bli\u017e\u0161ie na to, \u010do konzumujeme. Preto\u017ee v\u0161etko \u010do zjeme sa odzrkadluje na na\u0161om fyzickom a psyc ...<\/p><div class=\"clear\"><\/div>                                <\/div>\n                                                                                        <footer class=\"entry-meta aux-after-content\">\n                                                                        <div class=\"readmore\">\n                                        <a href=\"https:\/\/www.somacentrum.online\/home\/makrobiotika-vyvazene-stravovanie\/\" class=\"aux-read-more\"><span class=\"aux-read-more-text\">Read More<\/span><\/a>\n                                    <\/div>\n                                                                    <\/footer>\n                            \n                            <\/div>\n\n                        <\/article>\n<\/div><div class=\"aux-col post-2477\">\n                        <article class=\"post column-entry post-2477 type-post status-publish format-standard has-post-thumbnail hentry category-makrobiotika tag-alternativa tag-creativity tag-macrobiotics tag-thinking tag-balance tag-vitality tag-health\">\n                                                        <div class=\"entry-media\"><div class=\"aux-media-frame aux-media-image aux-image-mask\"><a href=\"https:\/\/www.somacentrum.online\/home\/balans-v-kyselinotvornych-a-zasadotvornych-potravinach\/\"><img decoding=\"async\" src=\"https:\/\/www.somacentrum.online\/home\/wp-content\/uploads\/2025\/12\/spaghetti-2931846_1280-337x189.jpg\" class=\"aux-attachment aux-featured-image attachment-336.666666667x188.533333333 aux-attachment-id-2484 \" alt=\"spaghetti-2931846_1280\" srcset=\"https:\/\/www.somacentrum.online\/home\/wp-content\/uploads\/2025\/12\/spaghetti-2931846_1280-150x84.jpg 150w,https:\/\/www.somacentrum.online\/home\/wp-content\/uploads\/2025\/12\/spaghetti-2931846_1280-300x168.jpg 300w,https:\/\/www.somacentrum.online\/home\/wp-content\/uploads\/2025\/12\/spaghetti-2931846_1280-768x430.jpg 768w,https:\/\/www.somacentrum.online\/home\/wp-content\/uploads\/2025\/12\/spaghetti-2931846_1280-1024x573.jpg 1024w,https:\/\/www.somacentrum.online\/home\/wp-content\/uploads\/2025\/12\/spaghetti-2931846_1280-337x189.jpg 337w,https:\/\/www.somacentrum.online\/home\/wp-content\/uploads\/2025\/12\/spaghetti-2931846_1280-1270x711.jpg 1270w\" data-ratio=\"1.79\" data-original-w=\"1280\" sizes=\"(max-width:479px) 480px,(max-width:767px) 768px,(max-width:1023px) 1024px,337px\" \/><\/a><\/div><\/div>\n                            \n                            <div class=\"entry-main\">\n                                                        \n                                <header class=\"entry-header\">\n                                \n                                    <h4 class=\"entry-title\">\n                                        <a href=\"https:\/\/www.somacentrum.online\/home\/balans-v-kyselinotvornych-a-zasadotvornych-potravinach\/\">\n                                            balans v kyselinotvorn\u00fdch a z\u00e1sadotvorn\u00fdch potravin\u00e1ch                                        <\/a>\n                                    <\/h4>\n                                                                    <div class=\"entry-format\">\n                                        <a href=\"https:\/\/www.somacentrum.online\/home\/balans-v-kyselinotvornych-a-zasadotvornych-potravinach\/\">\n                                            <div class=\"post-format format-\"> <\/div>\n                                        <\/a>\n                                    <\/div>\n                                <\/header>\n                                                            \n                                <div class=\"entry-info\">\n                                                                                                    <span class=\"entry-meta-sep meta-sep\">by<\/span>\n                                    <span class=\"author vcard\">\n                                        <a href=\"https:\/\/www.somacentrum.online\/home\/author\/eppli14\/\" rel=\"author\" title=\"View all posts by eppli eva kub\u00e1\u0148ov\u00e1\" >\n                                            eppli eva kub\u00e1\u0148ov\u00e1                                        <\/a>\n                                    <\/span>\n                                                                                                    <span class=\"entry-tax aux-no-sep\">\n                                        <a href=\"https:\/\/www.somacentrum.online\/home\/category\/makrobiotika\/\" title=\"View all posts in makrobiotika\" rel=\"category\" >makrobiotika<\/a>                                    <\/span>\n                                                                                                                                            <\/div>\n                            \n                                                            <div class=\"entry-content\">\n                                                                            <p>\nHarmonick\u00e9 stravovanie je postaven\u00e9 na vyv\u00e1\u017eenom prij\u00edman\u00ed kyselinotvorn\u00fdch a z\u00e1sadotvorn\u00fdch potrav\u00edn.&nbsp;\n\n\n\nZ\u00e1sadotvorn\u00e9 potravinyPri konzum\u00e1cii nadmern\u00e9ho ...<\/p><div class=\"clear\"><\/div>                                <\/div>\n                                                                                        <footer class=\"entry-meta aux-after-content\">\n                                                                        <div class=\"readmore\">\n                                        <a href=\"https:\/\/www.somacentrum.online\/home\/balans-v-kyselinotvornych-a-zasadotvornych-potravinach\/\" class=\"aux-read-more\"><span class=\"aux-read-more-text\">Read More<\/span><\/a>\n                                    <\/div>\n                                                                    <\/footer>\n                            \n                            <\/div>\n\n                        <\/article>\n<\/div><div class=\"aux-col post-2468\">\n                        <article class=\"post column-entry post-2468 type-post status-publish format-standard has-post-thumbnail hentry category-creativity category-makrobiotika tag-alternativa tag-creativity tag-macrobiotics tag-thinking tag-balance tag-vitality tag-health\">\n                                                        <div class=\"entry-media\"><div class=\"aux-media-frame aux-media-image aux-image-mask\"><a href=\"https:\/\/www.somacentrum.online\/home\/pozor-na-skryte-cukry-glykemicky-index-potravin\/\"><img decoding=\"async\" src=\"https:\/\/www.somacentrum.online\/home\/wp-content\/uploads\/2025\/12\/glykemicky-index-potravin-337x189.jpg\" class=\"aux-attachment aux-featured-image attachment-336.666666667x188.533333333 aux-attachment-id-2469 \" alt=\"glykemicky-index-potravin\" srcset=\"https:\/\/www.somacentrum.online\/home\/wp-content\/uploads\/2025\/12\/glykemicky-index-potravin-150x84.jpg 150w,https:\/\/www.somacentrum.online\/home\/wp-content\/uploads\/2025\/12\/glykemicky-index-potravin-300x168.jpg 300w,https:\/\/www.somacentrum.online\/home\/wp-content\/uploads\/2025\/12\/glykemicky-index-potravin-768x430.jpg 768w,https:\/\/www.somacentrum.online\/home\/wp-content\/uploads\/2025\/12\/glykemicky-index-potravin-1024x573.jpg 1024w,https:\/\/www.somacentrum.online\/home\/wp-content\/uploads\/2025\/12\/glykemicky-index-potravin-337x189.jpg 337w,https:\/\/www.somacentrum.online\/home\/wp-content\/uploads\/2025\/12\/glykemicky-index-potravin-1270x711.jpg 1270w\" data-ratio=\"1.79\" data-original-w=\"1280\" sizes=\"(max-width:479px) 480px,(max-width:767px) 768px,(max-width:1023px) 1024px,337px\" \/><\/a><\/div><\/div>\n                            \n                            <div class=\"entry-main\">\n                                                        \n                                <header class=\"entry-header\">\n                                \n                                    <h4 class=\"entry-title\">\n                                        <a href=\"https:\/\/www.somacentrum.online\/home\/pozor-na-skryte-cukry-glykemicky-index-potravin\/\">\n                                            Pozor na skryt\u00e9 cukry \u2013 glykemick\u00fd index potrav\u00edn!                                        <\/a>\n                                    <\/h4>\n                                                                    <div class=\"entry-format\">\n                                        <a href=\"https:\/\/www.somacentrum.online\/home\/pozor-na-skryte-cukry-glykemicky-index-potravin\/\">\n                                            <div class=\"post-format format-\"> <\/div>\n                                        <\/a>\n                                    <\/div>\n                                <\/header>\n                                                            \n                                <div class=\"entry-info\">\n                                                                                                    <span class=\"entry-meta-sep meta-sep\">by<\/span>\n                                    <span class=\"author vcard\">\n                                        <a href=\"https:\/\/www.somacentrum.online\/home\/author\/eppli14\/\" rel=\"author\" title=\"View all posts by eppli eva kub\u00e1\u0148ov\u00e1\" >\n                                            eppli eva kub\u00e1\u0148ov\u00e1                                        <\/a>\n                                    <\/span>\n                                                                                                    <span class=\"entry-tax aux-no-sep\">\n                                        <a href=\"https:\/\/www.somacentrum.online\/home\/category\/creativity\/\" title=\"View all posts in kreativita\" rel=\"category\" >kreativita<\/a>                                    <\/span>\n                                                                                                                                            <\/div>\n                            \n                                                            <div class=\"entry-content\">\n                                                                            <p>\nPrinc\u00edpom zdrav\u00e9ho stravovania sa ako aj naj\u00fa\u010dinej\u0161\u00edm sp\u00f4sobom efekt\u00edvneho chudnutia\u00a0(okrem fyzickej aktivity), je i pr\u00edjem potrav\u00edn s n\u00edzkym glykemickym index ...<\/p><div class=\"clear\"><\/div>                                <\/div>\n                                                                                        <footer class=\"entry-meta aux-after-content\">\n                                                                        <div class=\"readmore\">\n                                        <a href=\"https:\/\/www.somacentrum.online\/home\/pozor-na-skryte-cukry-glykemicky-index-potravin\/\" class=\"aux-read-more\"><span class=\"aux-read-more-text\">Read More<\/span><\/a>\n                                    <\/div>\n                                                                    <\/footer>\n                            \n                            <\/div>\n\n                        <\/article>\n<\/div><div class=\"aux-col post-2465\">\n                        <article class=\"post column-entry post-2465 type-post status-publish format-standard has-post-thumbnail hentry category-creativity category-makrobiotika tag-alternativa tag-creativity tag-macrobiotics tag-thinking tag-balance tag-vitality tag-health\">\n                                                        <div class=\"entry-media\"><div class=\"aux-media-frame aux-media-image aux-image-mask\"><a href=\"https:\/\/www.somacentrum.online\/home\/voda-a-rovnovaha-tela\/\"><img decoding=\"async\" src=\"https:\/\/www.somacentrum.online\/home\/wp-content\/uploads\/2025\/12\/water-3853492_1280-337x189.jpg\" class=\"aux-attachment aux-featured-image attachment-336.666666667x188.533333333 aux-attachment-id-2466 \" alt=\"water-3853492_1280\" srcset=\"https:\/\/www.somacentrum.online\/home\/wp-content\/uploads\/2025\/12\/water-3853492_1280-150x84.jpg 150w,https:\/\/www.somacentrum.online\/home\/wp-content\/uploads\/2025\/12\/water-3853492_1280-300x168.jpg 300w,https:\/\/www.somacentrum.online\/home\/wp-content\/uploads\/2025\/12\/water-3853492_1280-768x430.jpg 768w,https:\/\/www.somacentrum.online\/home\/wp-content\/uploads\/2025\/12\/water-3853492_1280-1024x573.jpg 1024w,https:\/\/www.somacentrum.online\/home\/wp-content\/uploads\/2025\/12\/water-3853492_1280-337x189.jpg 337w,https:\/\/www.somacentrum.online\/home\/wp-content\/uploads\/2025\/12\/water-3853492_1280-1270x711.jpg 1270w\" data-ratio=\"1.79\" data-original-w=\"1280\" sizes=\"(max-width:479px) 480px,(max-width:767px) 768px,(max-width:1023px) 1024px,337px\" \/><\/a><\/div><\/div>\n                            \n                            <div class=\"entry-main\">\n                                                        \n                                <header class=\"entry-header\">\n                                \n                                    <h4 class=\"entry-title\">\n                                        <a href=\"https:\/\/www.somacentrum.online\/home\/voda-a-rovnovaha-tela\/\">\n                                            voda a rovnov\u00e1ha tela                                        <\/a>\n                                    <\/h4>\n                                                                    <div class=\"entry-format\">\n                                        <a href=\"https:\/\/www.somacentrum.online\/home\/voda-a-rovnovaha-tela\/\">\n                                            <div class=\"post-format format-\"> <\/div>\n                                        <\/a>\n                                    <\/div>\n                                <\/header>\n                                                            \n                                <div class=\"entry-info\">\n                                                                                                    <span class=\"entry-meta-sep meta-sep\">by<\/span>\n                                    <span class=\"author vcard\">\n                                        <a href=\"https:\/\/www.somacentrum.online\/home\/author\/eppli14\/\" rel=\"author\" title=\"View all posts by eppli eva kub\u00e1\u0148ov\u00e1\" >\n                                            eppli eva kub\u00e1\u0148ov\u00e1                                        <\/a>\n                                    <\/span>\n                                                                                                    <span class=\"entry-tax aux-no-sep\">\n                                        <a href=\"https:\/\/www.somacentrum.online\/home\/category\/creativity\/\" title=\"View all posts in kreativita\" rel=\"category\" >kreativita<\/a>                                    <\/span>\n                                                                                                                                            <\/div>\n                            \n                                                            <div class=\"entry-content\">\n                                                                            <p>\nNedostatok prij\u00edmania tekut\u00edn \u2013 dehydrat\u00e1cia m\u00f4\u017ee sp\u00f4sobi\u0165 v\u00e1\u017ene zdravotn\u00e9 probl\u00e9my.&nbsp;Pomerne r\u00fdchlo doch\u00e1dza k podr\u00e1\u017edeniu, \u00favane, bolesti hlavy, zhor\u0161ene ...<\/p><div class=\"clear\"><\/div>                                <\/div>\n                                                                                        <footer class=\"entry-meta aux-after-content\">\n                                                                        <div class=\"readmore\">\n                                        <a href=\"https:\/\/www.somacentrum.online\/home\/voda-a-rovnovaha-tela\/\" class=\"aux-read-more\"><span class=\"aux-read-more-text\">Read More<\/span><\/a>\n                                    <\/div>\n                                                                    <\/footer>\n                            \n                            <\/div>\n\n                        <\/article>\n<\/div><div class=\"aux-col post-2447\">\n                        <article class=\"post column-entry post-2447 type-post status-publish format-standard has-post-thumbnail hentry category-fengsuej tag-alternativa tag-creativity tag-thinking tag-balance tag-vastu-shastra\">\n                                                        <div class=\"entry-media\"><div class=\"aux-media-frame aux-media-image aux-image-mask\"><a href=\"https:\/\/www.somacentrum.online\/home\/harmonizacia-s-vastu-sastra\/\"><img decoding=\"async\" src=\"https:\/\/www.somacentrum.online\/home\/wp-content\/uploads\/2025\/12\/vastu-sastra-I-337x189.jpg\" class=\"aux-attachment aux-featured-image attachment-336.666666667x188.533333333 aux-attachment-id-2448 \" alt=\"vastu-sastra-I\" srcset=\"https:\/\/www.somacentrum.online\/home\/wp-content\/uploads\/2025\/12\/vastu-sastra-I-150x84.jpg 150w,https:\/\/www.somacentrum.online\/home\/wp-content\/uploads\/2025\/12\/vastu-sastra-I-300x168.jpg 300w,https:\/\/www.somacentrum.online\/home\/wp-content\/uploads\/2025\/12\/vastu-sastra-I-768x430.jpg 768w,https:\/\/www.somacentrum.online\/home\/wp-content\/uploads\/2025\/12\/vastu-sastra-I-1024x573.jpg 1024w,https:\/\/www.somacentrum.online\/home\/wp-content\/uploads\/2025\/12\/vastu-sastra-I-337x189.jpg 337w,https:\/\/www.somacentrum.online\/home\/wp-content\/uploads\/2025\/12\/vastu-sastra-I-1270x711.jpg 1270w\" data-ratio=\"1.79\" data-original-w=\"1280\" sizes=\"(max-width:479px) 480px,(max-width:767px) 768px,(max-width:1023px) 1024px,337px\" \/><\/a><\/div><\/div>\n                            \n                            <div class=\"entry-main\">\n                                                        \n                                <header class=\"entry-header\">\n                                \n                                    <h4 class=\"entry-title\">\n                                        <a href=\"https:\/\/www.somacentrum.online\/home\/harmonizacia-s-vastu-sastra\/\">\n                                            harmoniz\u00e1cia s vastu \u0161astra                                        <\/a>\n                                    <\/h4>\n                                                                    <div class=\"entry-format\">\n                                        <a href=\"https:\/\/www.somacentrum.online\/home\/harmonizacia-s-vastu-sastra\/\">\n                                            <div class=\"post-format format-\"> <\/div>\n                                        <\/a>\n                                    <\/div>\n                                <\/header>\n                                                            \n                                <div class=\"entry-info\">\n                                                                                                    <span class=\"entry-meta-sep meta-sep\">by<\/span>\n                                    <span class=\"author vcard\">\n                                        <a href=\"https:\/\/www.somacentrum.online\/home\/author\/eppli14\/\" rel=\"author\" title=\"View all posts by eppli eva kub\u00e1\u0148ov\u00e1\" >\n                                            eppli eva kub\u00e1\u0148ov\u00e1                                        <\/a>\n                                    <\/span>\n                                                                                                    <span class=\"entry-tax aux-no-sep\">\n                                        <a href=\"https:\/\/www.somacentrum.online\/home\/category\/fengsuej\/\" title=\"View all posts in feng \u0161uej a vastu\" rel=\"category\" >feng \u0161uej a vastu<\/a>                                    <\/span>\n                                                                                                                                            <\/div>\n                            \n                                                            <div class=\"entry-content\">\n                                                                            <p>\nVastu \u0161astra (v\u0101stu \u015b\u0101stra) je vedou o architekt\u00fare, dizajne a stavebn\u00edctve. Vych\u00e1dza z indickej kult\u00fary a jej cie\u013eom je harmoniz\u00e1cia priestoru v s\u00falade s verm ...<\/p><div class=\"clear\"><\/div>                                <\/div>\n                                                                                        <footer class=\"entry-meta aux-after-content\">\n                                                                        <div class=\"readmore\">\n                                        <a href=\"https:\/\/www.somacentrum.online\/home\/harmonizacia-s-vastu-sastra\/\" class=\"aux-read-more\"><span class=\"aux-read-more-text\">Read More<\/span><\/a>\n                                    <\/div>\n                                                                    <\/footer>\n                            \n                            <\/div>\n\n                        <\/article>\n<\/div><div class=\"aux-col post-2436\">\n                        <article class=\"post column-entry post-2436 type-post status-publish format-standard has-post-thumbnail hentry category-fengsuej tag-alternativa tag-feng-shui tag-creativity tag-thinking\">\n                                                        <div class=\"entry-media\"><div class=\"aux-media-frame aux-media-image aux-image-mask\"><a href=\"https:\/\/www.somacentrum.online\/home\/pat-zivlov-vo-feng-suaj-v-produktivnom-a-destruktivnom-cykle\/\"><img decoding=\"async\" src=\"https:\/\/www.somacentrum.online\/home\/wp-content\/uploads\/2025\/12\/fenh-suej-pat-zivlov_II-337x189.jpg\" class=\"aux-attachment aux-featured-image attachment-336.666666667x188.533333333 aux-attachment-id-2461 \" alt=\"fenh-suej-pat-zivlov_II\" srcset=\"https:\/\/www.somacentrum.online\/home\/wp-content\/uploads\/2025\/12\/fenh-suej-pat-zivlov_II-150x84.jpg 150w,https:\/\/www.somacentrum.online\/home\/wp-content\/uploads\/2025\/12\/fenh-suej-pat-zivlov_II-300x168.jpg 300w,https:\/\/www.somacentrum.online\/home\/wp-content\/uploads\/2025\/12\/fenh-suej-pat-zivlov_II-768x430.jpg 768w,https:\/\/www.somacentrum.online\/home\/wp-content\/uploads\/2025\/12\/fenh-suej-pat-zivlov_II-1024x573.jpg 1024w,https:\/\/www.somacentrum.online\/home\/wp-content\/uploads\/2025\/12\/fenh-suej-pat-zivlov_II-337x189.jpg 337w,https:\/\/www.somacentrum.online\/home\/wp-content\/uploads\/2025\/12\/fenh-suej-pat-zivlov_II-1270x711.jpg 1270w\" data-ratio=\"1.79\" data-original-w=\"1280\" sizes=\"(max-width:479px) 480px,(max-width:767px) 768px,(max-width:1023px) 1024px,337px\" \/><\/a><\/div><\/div>\n                            \n                            <div class=\"entry-main\">\n                                                        \n                                <header class=\"entry-header\">\n                                \n                                    <h4 class=\"entry-title\">\n                                        <a href=\"https:\/\/www.somacentrum.online\/home\/pat-zivlov-vo-feng-suaj-v-produktivnom-a-destruktivnom-cykle\/\">\n                                            p\u00e4\u0165 \u017eivlov vo feng \u0161uaj v produkt\u00edvnom a de\u0161trukt\u00edvnom cykle                                        <\/a>\n                                    <\/h4>\n                                                                    <div class=\"entry-format\">\n                                        <a href=\"https:\/\/www.somacentrum.online\/home\/pat-zivlov-vo-feng-suaj-v-produktivnom-a-destruktivnom-cykle\/\">\n                                            <div class=\"post-format format-\"> <\/div>\n                                        <\/a>\n                                    <\/div>\n                                <\/header>\n                                                            \n                                <div class=\"entry-info\">\n                                                                                                    <span class=\"entry-meta-sep meta-sep\">by<\/span>\n                                    <span class=\"author vcard\">\n                                        <a href=\"https:\/\/www.somacentrum.online\/home\/author\/eppli14\/\" rel=\"author\" title=\"View all posts by eppli eva kub\u00e1\u0148ov\u00e1\" >\n                                            eppli eva kub\u00e1\u0148ov\u00e1                                        <\/a>\n                                    <\/span>\n                                                                                                    <span class=\"entry-tax aux-no-sep\">\n                                        <a href=\"https:\/\/www.somacentrum.online\/home\/category\/fengsuej\/\" title=\"View all posts in feng \u0161uej a vastu\" rel=\"category\" >feng \u0161uej a vastu<\/a>                                    <\/span>\n                                                                                                                                            <\/div>\n                            \n                                                            <div class=\"entry-content\">\n                                                                            <p>\nP\u00c4\u0164 \u017dIVLOV&nbsp;\n\n\n\n= DREVO, OHE\u0147, ZEM, KOV A VODA\n\n\n\nZ\u00e1kladom pochopenia cyklu piatich \u017eivlov \u2013 dreva, oh\u0148a, vody, zeme a kovu, ktor\u00e9 navz\u00e1jom spolupracuj\u00fa al ...<\/p><div class=\"clear\"><\/div>                                <\/div>\n                                                                                        <footer class=\"entry-meta aux-after-content\">\n                                                                        <div class=\"readmore\">\n                                        <a href=\"https:\/\/www.somacentrum.online\/home\/pat-zivlov-vo-feng-suaj-v-produktivnom-a-destruktivnom-cykle\/\" class=\"aux-read-more\"><span class=\"aux-read-more-text\">Read More<\/span><\/a>\n                                    <\/div>\n                                                                    <\/footer>\n                            \n                            <\/div>\n\n                        <\/article>\n<\/div><div class=\"aux-col post-2432\">\n                        <article class=\"post column-entry post-2432 type-post status-publish format-standard has-post-thumbnail hentry category-fengsuej tag-alternativa tag-feng-shui tag-creativity tag-thinking\">\n                                                        <div class=\"entry-media\"><div class=\"aux-media-frame aux-media-image aux-image-mask\"><a href=\"https:\/\/www.somacentrum.online\/home\/ako-zistim-svoje-feng-suej\/\"><img decoding=\"async\" src=\"https:\/\/www.somacentrum.online\/home\/wp-content\/uploads\/2025\/12\/feng-suej-cislo-kua--337x189.jpg\" class=\"aux-attachment aux-featured-image attachment-336.666666667x188.533333333 aux-attachment-id-2434 \" alt=\"feng-suej-cislo-kua-\" srcset=\"https:\/\/www.somacentrum.online\/home\/wp-content\/uploads\/2025\/12\/feng-suej-cislo-kua--150x84.jpg 150w,https:\/\/www.somacentrum.online\/home\/wp-content\/uploads\/2025\/12\/feng-suej-cislo-kua--300x168.jpg 300w,https:\/\/www.somacentrum.online\/home\/wp-content\/uploads\/2025\/12\/feng-suej-cislo-kua--768x430.jpg 768w,https:\/\/www.somacentrum.online\/home\/wp-content\/uploads\/2025\/12\/feng-suej-cislo-kua--1024x573.jpg 1024w,https:\/\/www.somacentrum.online\/home\/wp-content\/uploads\/2025\/12\/feng-suej-cislo-kua--337x189.jpg 337w,https:\/\/www.somacentrum.online\/home\/wp-content\/uploads\/2025\/12\/feng-suej-cislo-kua--1270x711.jpg 1270w\" data-ratio=\"1.79\" data-original-w=\"1280\" sizes=\"(max-width:479px) 480px,(max-width:767px) 768px,(max-width:1023px) 1024px,337px\" \/><\/a><\/div><\/div>\n                            \n                            <div class=\"entry-main\">\n                                                        \n                                <header class=\"entry-header\">\n                                \n                                    <h4 class=\"entry-title\">\n                                        <a href=\"https:\/\/www.somacentrum.online\/home\/ako-zistim-svoje-feng-suej\/\">\n                                            ako zist\u00edm svoje feng \u0161uej?                                        <\/a>\n                                    <\/h4>\n                                                                    <div class=\"entry-format\">\n                                        <a href=\"https:\/\/www.somacentrum.online\/home\/ako-zistim-svoje-feng-suej\/\">\n                                            <div class=\"post-format format-\"> <\/div>\n                                        <\/a>\n                                    <\/div>\n                                <\/header>\n                                                            \n                                <div class=\"entry-info\">\n                                                                                                    <span class=\"entry-meta-sep meta-sep\">by<\/span>\n                                    <span class=\"author vcard\">\n                                        <a href=\"https:\/\/www.somacentrum.online\/home\/author\/eppli14\/\" rel=\"author\" title=\"View all posts by eppli eva kub\u00e1\u0148ov\u00e1\" >\n                                            eppli eva kub\u00e1\u0148ov\u00e1                                        <\/a>\n                                    <\/span>\n                                                                                                    <span class=\"entry-tax aux-no-sep\">\n                                        <a href=\"https:\/\/www.somacentrum.online\/home\/category\/fengsuej\/\" title=\"View all posts in feng \u0161uej a vastu\" rel=\"category\" >feng \u0161uej a vastu<\/a>                                    <\/span>\n                                                                                                                                            <\/div>\n                            \n                                                            <div class=\"entry-content\">\n                                                                            <p>\nAko ur\u010di\u0165&nbsp;svoje priazniv\u00e9 smery?\n\n\n\nAby ste dok\u00e1zali ur\u010di\u0165 svoje priazniv\u00e9 smery,&nbsp;z\u00f3ny, \u017eivly \u010di farby, ktor\u00e9 v\u00e1s podporuj\u00fa&nbsp;je nutn\u00e9 si najprv v ...<\/p><div class=\"clear\"><\/div>                                <\/div>\n                                                                                        <footer class=\"entry-meta aux-after-content\">\n                                                                        <div class=\"readmore\">\n                                        <a href=\"https:\/\/www.somacentrum.online\/home\/ako-zistim-svoje-feng-suej\/\" class=\"aux-read-more\"><span class=\"aux-read-more-text\">Read More<\/span><\/a>\n                                    <\/div>\n                                                                    <\/footer>\n                            \n                            <\/div>\n\n                        <\/article>\n<\/div><div class=\"aux-col post-2428\">\n                        <article class=\"post column-entry post-2428 type-post status-publish format-standard has-post-thumbnail hentry category-fengsuej category-creativity tag-alternativa tag-feng-shui tag-creativity tag-thinking tag-balance\">\n                                                        <div class=\"entry-media\"><div class=\"aux-media-frame aux-media-image aux-image-mask\"><a href=\"https:\/\/www.somacentrum.online\/home\/rovnovaha-s-feng-suej\/\"><img decoding=\"async\" src=\"https:\/\/www.somacentrum.online\/home\/wp-content\/uploads\/2025\/12\/feng-suej-I-337x189.jpg\" class=\"aux-attachment aux-featured-image attachment-336.666666667x188.533333333 aux-attachment-id-2429 \" alt=\"feng-suej-I\" srcset=\"https:\/\/www.somacentrum.online\/home\/wp-content\/uploads\/2025\/12\/feng-suej-I-150x84.jpg 150w,https:\/\/www.somacentrum.online\/home\/wp-content\/uploads\/2025\/12\/feng-suej-I-300x168.jpg 300w,https:\/\/www.somacentrum.online\/home\/wp-content\/uploads\/2025\/12\/feng-suej-I-768x430.jpg 768w,https:\/\/www.somacentrum.online\/home\/wp-content\/uploads\/2025\/12\/feng-suej-I-1024x573.jpg 1024w,https:\/\/www.somacentrum.online\/home\/wp-content\/uploads\/2025\/12\/feng-suej-I-337x189.jpg 337w,https:\/\/www.somacentrum.online\/home\/wp-content\/uploads\/2025\/12\/feng-suej-I-1270x711.jpg 1270w\" data-ratio=\"1.79\" data-original-w=\"1280\" sizes=\"(max-width:479px) 480px,(max-width:767px) 768px,(max-width:1023px) 1024px,337px\" \/><\/a><\/div><\/div>\n                            \n                            <div class=\"entry-main\">\n                                                        \n                                <header class=\"entry-header\">\n                                \n                                    <h4 class=\"entry-title\">\n                                        <a href=\"https:\/\/www.somacentrum.online\/home\/rovnovaha-s-feng-suej\/\">\n                                            rovnov\u00e1ha s feng \u0161uej                                        <\/a>\n                                    <\/h4>\n                                                                    <div class=\"entry-format\">\n                                        <a href=\"https:\/\/www.somacentrum.online\/home\/rovnovaha-s-feng-suej\/\">\n                                            <div class=\"post-format format-\"> <\/div>\n                                        <\/a>\n                                    <\/div>\n                                <\/header>\n                                                            \n                                <div class=\"entry-info\">\n                                                                                                    <span class=\"entry-meta-sep meta-sep\">by<\/span>\n                                    <span class=\"author vcard\">\n                                        <a href=\"https:\/\/www.somacentrum.online\/home\/author\/eppli14\/\" rel=\"author\" title=\"View all posts by eppli eva kub\u00e1\u0148ov\u00e1\" >\n                                            eppli eva kub\u00e1\u0148ov\u00e1                                        <\/a>\n                                    <\/span>\n                                                                                                    <span class=\"entry-tax aux-no-sep\">\n                                        <a href=\"https:\/\/www.somacentrum.online\/home\/category\/fengsuej\/\" title=\"View all posts in feng \u0161uej a vastu\" rel=\"category\" >feng \u0161uej a vastu<\/a>                                    <\/span>\n                                                                                                                                            <\/div>\n                            \n                                                            <div class=\"entry-content\">\n                                                                            <p>\nH\u013ead\u00e1te v byte, \u010di dome z\u00f3ny, kde by ste sa mohli c\u00edti\u0165 pr\u00edjemnej\u0161ie a vit\u00e1lnej\u0161ie? Experimentujete so svojou poste\u013eou a h\u013ead\u00e1te smer pre jej spr\u00e1vne ulo\u017eenie? ...<\/p><div class=\"clear\"><\/div>                                <\/div>\n                                                                                        <footer class=\"entry-meta aux-after-content\">\n                                                                        <div class=\"readmore\">\n                                        <a href=\"https:\/\/www.somacentrum.online\/home\/rovnovaha-s-feng-suej\/\" class=\"aux-read-more\"><span class=\"aux-read-more-text\">Read More<\/span><\/a>\n                                    <\/div>\n                                                                    <\/footer>\n                            \n                            <\/div>\n\n                        <\/article>\n<\/div><div class=\"aux-col post-2367\">\n                        <article class=\"post column-entry post-2367 type-post status-publish format-standard has-post-thumbnail hentry category-creativity category-meditacia category-relax tag-alternativa tag-creativity tag-meditation tag-thinking tag-relax tag-balance tag-vitality tag-health\">\n                                                        <div class=\"entry-media\"><div class=\"aux-media-frame aux-media-image aux-image-mask\"><a href=\"https:\/\/www.somacentrum.online\/home\/budte-tu-a-teraz-v-pritomnom-okamihu\/\"><img decoding=\"async\" src=\"https:\/\/www.somacentrum.online\/home\/wp-content\/uploads\/2025\/12\/budte-tu-a-teraz-III-337x189.jpg\" class=\"aux-attachment aux-featured-image attachment-336.666666667x188.533333333 aux-attachment-id-2371 \" alt=\"budte-tu-a-teraz-III\" srcset=\"https:\/\/www.somacentrum.online\/home\/wp-content\/uploads\/2025\/12\/budte-tu-a-teraz-III-150x84.jpg 150w,https:\/\/www.somacentrum.online\/home\/wp-content\/uploads\/2025\/12\/budte-tu-a-teraz-III-300x168.jpg 300w,https:\/\/www.somacentrum.online\/home\/wp-content\/uploads\/2025\/12\/budte-tu-a-teraz-III-768x430.jpg 768w,https:\/\/www.somacentrum.online\/home\/wp-content\/uploads\/2025\/12\/budte-tu-a-teraz-III-1024x573.jpg 1024w,https:\/\/www.somacentrum.online\/home\/wp-content\/uploads\/2025\/12\/budte-tu-a-teraz-III-337x189.jpg 337w,https:\/\/www.somacentrum.online\/home\/wp-content\/uploads\/2025\/12\/budte-tu-a-teraz-III-1270x711.jpg 1270w\" data-ratio=\"1.79\" data-original-w=\"1280\" sizes=\"(max-width:479px) 480px,(max-width:767px) 768px,(max-width:1023px) 1024px,337px\" \/><\/a><\/div><\/div>\n                            \n                            <div class=\"entry-main\">\n                                                        \n                                <header class=\"entry-header\">\n                                \n                                    <h4 class=\"entry-title\">\n                                        <a href=\"https:\/\/www.somacentrum.online\/home\/budte-tu-a-teraz-v-pritomnom-okamihu\/\">\n                                            Bu\u010fte \u201ctu a teraz\u201c\u00a0v pr\u00edtomnom okamihu                                        <\/a>\n                                    <\/h4>\n                                                                    <div class=\"entry-format\">\n                                        <a href=\"https:\/\/www.somacentrum.online\/home\/budte-tu-a-teraz-v-pritomnom-okamihu\/\">\n                                            <div class=\"post-format format-\"> <\/div>\n                                        <\/a>\n                                    <\/div>\n                                <\/header>\n                                                            \n                                <div class=\"entry-info\">\n                                                                                                    <span class=\"entry-meta-sep meta-sep\">by<\/span>\n                                    <span class=\"author vcard\">\n                                        <a href=\"https:\/\/www.somacentrum.online\/home\/author\/eppli14\/\" rel=\"author\" title=\"View all posts by eppli eva kub\u00e1\u0148ov\u00e1\" >\n                                            eppli eva kub\u00e1\u0148ov\u00e1                                        <\/a>\n                                    <\/span>\n                                                                                                    <span class=\"entry-tax aux-no-sep\">\n                                        <a href=\"https:\/\/www.somacentrum.online\/home\/category\/creativity\/\" title=\"View all posts in kreativita\" rel=\"category\" >kreativita<\/a>                                    <\/span>\n                                                                                                                                            <\/div>\n                            \n                                                            <div class=\"entry-content\">\n                                                                            <p>\nBu\u010fte tu a teraz&nbsp;\u201ePok\u00faste sa dotkn\u00fa\u0165 pr\u00edtomnosti a zosta\u0148te v nej \u010do najdlh\u0161ie\u201c.&nbsp;Pok\u00faste sa by\u0165 pr\u00e1ve v tomto momente presne tam, kde ste. Pre\u017e\u00edvajte ...<\/p><div class=\"clear\"><\/div>                                <\/div>\n                                                                                        <footer class=\"entry-meta aux-after-content\">\n                                                                        <div class=\"readmore\">\n                                        <a href=\"https:\/\/www.somacentrum.online\/home\/budte-tu-a-teraz-v-pritomnom-okamihu\/\" class=\"aux-read-more\"><span class=\"aux-read-more-text\">Read More<\/span><\/a>\n                                    <\/div>\n                                                                    <\/footer>\n                            \n                            <\/div>\n\n                        <\/article>\n<\/div><div class=\"aux-col post-2361\">\n                        <article class=\"post column-entry post-2361 type-post status-publish format-standard has-post-thumbnail hentry category-creativity category-meditacia category-relax tag-alternativa tag-dychanie tag-creativity tag-meditation tag-thinking tag-relax tag-balance tag-vitality tag-health\">\n                                                        <div class=\"entry-media\"><div class=\"aux-media-frame aux-media-image aux-image-mask\"><a href=\"https:\/\/www.somacentrum.online\/home\/meditacia-ako-na-to-ako-meditovat\/\"><img decoding=\"async\" src=\"https:\/\/www.somacentrum.online\/home\/wp-content\/uploads\/2025\/12\/blur-1867402_1280-337x189.jpg\" class=\"aux-attachment aux-featured-image attachment-336.666666667x188.533333333 aux-attachment-id-2370 \" alt=\"blur-1867402_1280\" srcset=\"https:\/\/www.somacentrum.online\/home\/wp-content\/uploads\/2025\/12\/blur-1867402_1280-150x84.jpg 150w,https:\/\/www.somacentrum.online\/home\/wp-content\/uploads\/2025\/12\/blur-1867402_1280-300x168.jpg 300w,https:\/\/www.somacentrum.online\/home\/wp-content\/uploads\/2025\/12\/blur-1867402_1280-768x430.jpg 768w,https:\/\/www.somacentrum.online\/home\/wp-content\/uploads\/2025\/12\/blur-1867402_1280-1024x573.jpg 1024w,https:\/\/www.somacentrum.online\/home\/wp-content\/uploads\/2025\/12\/blur-1867402_1280-337x189.jpg 337w,https:\/\/www.somacentrum.online\/home\/wp-content\/uploads\/2025\/12\/blur-1867402_1280-1270x711.jpg 1270w\" data-ratio=\"1.79\" data-original-w=\"1280\" sizes=\"(max-width:479px) 480px,(max-width:767px) 768px,(max-width:1023px) 1024px,337px\" \/><\/a><\/div><\/div>\n                            \n                            <div class=\"entry-main\">\n                                                        \n                                <header class=\"entry-header\">\n                                \n                                    <h4 class=\"entry-title\">\n                                        <a href=\"https:\/\/www.somacentrum.online\/home\/meditacia-ako-na-to-ako-meditovat\/\">\n                                            medit\u00e1cia: ako na to?                                        <\/a>\n                                    <\/h4>\n                                                                    <div class=\"entry-format\">\n                                        <a href=\"https:\/\/www.somacentrum.online\/home\/meditacia-ako-na-to-ako-meditovat\/\">\n                                            <div class=\"post-format format-\"> <\/div>\n                                        <\/a>\n                                    <\/div>\n                                <\/header>\n                                                            \n                                <div class=\"entry-info\">\n                                                                                                    <span class=\"entry-meta-sep meta-sep\">by<\/span>\n                                    <span class=\"author vcard\">\n                                        <a href=\"https:\/\/www.somacentrum.online\/home\/author\/eppli14\/\" rel=\"author\" title=\"View all posts by eppli eva kub\u00e1\u0148ov\u00e1\" >\n                                            eppli eva kub\u00e1\u0148ov\u00e1                                        <\/a>\n                                    <\/span>\n                                                                                                    <span class=\"entry-tax aux-no-sep\">\n                                        <a href=\"https:\/\/www.somacentrum.online\/home\/category\/creativity\/\" title=\"View all posts in kreativita\" rel=\"category\" >kreativita<\/a>                                    <\/span>\n                                                                                                                                            <\/div>\n                            \n                                                            <div class=\"entry-content\">\n                                                                            <p>\nMedit\u00e1cia je \u00faplne prirodzen\u00e1 a jednoduch\u00e1 pre ka\u017ed\u00e9ho z n\u00e1s. Pohodlne sa usa\u010fte a vysk\u00fa\u0161ajte si meditovanie. Po za\u010d\u00edtan\u00ed sa zist\u00edte, ak\u00e9 prijemn\u00e9 je na chv\u00ed\u013eu ...<\/p><div class=\"clear\"><\/div>                                <\/div>\n                                                                                        <footer class=\"entry-meta aux-after-content\">\n                                                                        <div class=\"readmore\">\n                                        <a href=\"https:\/\/www.somacentrum.online\/home\/meditacia-ako-na-to-ako-meditovat\/\" class=\"aux-read-more\"><span class=\"aux-read-more-text\">Read More<\/span><\/a>\n                                    <\/div>\n                                                                    <\/footer>\n                            \n                            <\/div>\n\n                        <\/article>\n<\/div><div class=\"aux-col post-2379\">\n                        <article class=\"post column-entry post-2379 type-post status-publish format-standard has-post-thumbnail hentry category-meditacia tag-alternativa tag-hermetika tag-creativity tag-meditation tag-thinking tag-balance\">\n                                                        <div class=\"entry-media\"><div class=\"aux-media-frame aux-media-image aux-image-mask\"><a href=\"https:\/\/www.somacentrum.online\/home\/hermetika-paradigma-mikro-a-makro-kozmu\/\"><img decoding=\"async\" src=\"https:\/\/www.somacentrum.online\/home\/wp-content\/uploads\/2025\/12\/hermetika-337x189.jpg\" class=\"aux-attachment aux-featured-image attachment-336.666666667x188.533333333 aux-attachment-id-2380 \" alt=\"hermetika\" srcset=\"https:\/\/www.somacentrum.online\/home\/wp-content\/uploads\/2025\/12\/hermetika-150x84.jpg 150w,https:\/\/www.somacentrum.online\/home\/wp-content\/uploads\/2025\/12\/hermetika-300x168.jpg 300w,https:\/\/www.somacentrum.online\/home\/wp-content\/uploads\/2025\/12\/hermetika-768x430.jpg 768w,https:\/\/www.somacentrum.online\/home\/wp-content\/uploads\/2025\/12\/hermetika-1024x573.jpg 1024w,https:\/\/www.somacentrum.online\/home\/wp-content\/uploads\/2025\/12\/hermetika-337x189.jpg 337w,https:\/\/www.somacentrum.online\/home\/wp-content\/uploads\/2025\/12\/hermetika-1270x711.jpg 1270w\" data-ratio=\"1.79\" data-original-w=\"1280\" sizes=\"(max-width:479px) 480px,(max-width:767px) 768px,(max-width:1023px) 1024px,337px\" \/><\/a><\/div><\/div>\n                            \n                            <div class=\"entry-main\">\n                                                        \n                                <header class=\"entry-header\">\n                                \n                                    <h4 class=\"entry-title\">\n                                        <a href=\"https:\/\/www.somacentrum.online\/home\/hermetika-paradigma-mikro-a-makro-kozmu\/\">\n                                            hermetika: \u00a0paradigma mikro a makro kozmu\u00a0                                        <\/a>\n                                    <\/h4>\n                                                                    <div class=\"entry-format\">\n                                        <a href=\"https:\/\/www.somacentrum.online\/home\/hermetika-paradigma-mikro-a-makro-kozmu\/\">\n                                            <div class=\"post-format format-\"> <\/div>\n                                        <\/a>\n                                    <\/div>\n                                <\/header>\n                                                            \n                                <div class=\"entry-info\">\n                                                                                                    <span class=\"entry-meta-sep meta-sep\">by<\/span>\n                                    <span class=\"author vcard\">\n                                        <a href=\"https:\/\/www.somacentrum.online\/home\/author\/eppli14\/\" rel=\"author\" title=\"View all posts by eppli eva kub\u00e1\u0148ov\u00e1\" >\n                                            eppli eva kub\u00e1\u0148ov\u00e1                                        <\/a>\n                                    <\/span>\n                                                                                                    <span class=\"entry-tax aux-no-sep\">\n                                        <a href=\"https:\/\/www.somacentrum.online\/home\/category\/meditacia\/\" title=\"View all posts in medit\u00e1cia\" rel=\"category\" >medit\u00e1cia<\/a>                                    <\/span>\n                                                                                                                                            <\/div>\n                            \n                                                            <div class=\"entry-content\">\n                                                                            <p>\nAko hore, tak aj dolu\n\n\n\nTieto slov\u00e1 poch\u00e1dzaj\u00fa z hermetick\u00fdch textov. Ich koncept je prv\u00fd raz vylo\u017een\u00fd v Smaragdovej doske Herma Trismegista v slov\u00e1ch: \u201e\u2026 to, ...<\/p><div class=\"clear\"><\/div>                                <\/div>\n                                                                                        <footer class=\"entry-meta aux-after-content\">\n                                                                        <div class=\"readmore\">\n                                        <a href=\"https:\/\/www.somacentrum.online\/home\/hermetika-paradigma-mikro-a-makro-kozmu\/\" class=\"aux-read-more\"><span class=\"aux-read-more-text\">Read More<\/span><\/a>\n                                    <\/div>\n                                                                    <\/footer>\n                            \n                            <\/div>\n\n                        <\/article>\n<\/div><div class=\"aux-col post-2382\">\n                        <article class=\"post column-entry post-2382 type-post status-publish format-standard has-post-thumbnail hentry category-meditacia tag-hermetika tag-creativity tag-meditation tag-thinking tag-relax tag-balance tag-theurgia\">\n                                                        <div class=\"entry-media\"><div class=\"aux-media-frame aux-media-image aux-image-mask\"><a href=\"https:\/\/www.somacentrum.online\/home\/theurgia-ak-chcete-byt-krasnymi-tvorte-krasu\/\"><img decoding=\"async\" src=\"https:\/\/www.somacentrum.online\/home\/wp-content\/uploads\/2025\/12\/theurgia-tvorte-krasu-III-337x189.jpg\" class=\"aux-attachment aux-featured-image attachment-336.666666667x188.533333333 aux-attachment-id-2404 \" alt=\"theurgia-tvorte-krasu-III\" srcset=\"https:\/\/www.somacentrum.online\/home\/wp-content\/uploads\/2025\/12\/theurgia-tvorte-krasu-III-150x84.jpg 150w,https:\/\/www.somacentrum.online\/home\/wp-content\/uploads\/2025\/12\/theurgia-tvorte-krasu-III-300x168.jpg 300w,https:\/\/www.somacentrum.online\/home\/wp-content\/uploads\/2025\/12\/theurgia-tvorte-krasu-III-768x430.jpg 768w,https:\/\/www.somacentrum.online\/home\/wp-content\/uploads\/2025\/12\/theurgia-tvorte-krasu-III-1024x573.jpg 1024w,https:\/\/www.somacentrum.online\/home\/wp-content\/uploads\/2025\/12\/theurgia-tvorte-krasu-III-337x189.jpg 337w,https:\/\/www.somacentrum.online\/home\/wp-content\/uploads\/2025\/12\/theurgia-tvorte-krasu-III-1270x711.jpg 1270w\" data-ratio=\"1.79\" data-original-w=\"1280\" sizes=\"(max-width:479px) 480px,(max-width:767px) 768px,(max-width:1023px) 1024px,337px\" \/><\/a><\/div><\/div>\n                            \n                            <div class=\"entry-main\">\n                                                        \n                                <header class=\"entry-header\">\n                                \n                                    <h4 class=\"entry-title\">\n                                        <a href=\"https:\/\/www.somacentrum.online\/home\/theurgia-ak-chcete-byt-krasnymi-tvorte-krasu\/\">\n                                            theurgia: ak chcete by\u0165 kr\u00e1snymi, tvorte kr\u00e1su                                        <\/a>\n                                    <\/h4>\n                                                                    <div class=\"entry-format\">\n                                        <a href=\"https:\/\/www.somacentrum.online\/home\/theurgia-ak-chcete-byt-krasnymi-tvorte-krasu\/\">\n                                            <div class=\"post-format format-\"> <\/div>\n                                        <\/a>\n                                    <\/div>\n                                <\/header>\n                                                            \n                                <div class=\"entry-info\">\n                                                                                                    <span class=\"entry-meta-sep meta-sep\">by<\/span>\n                                    <span class=\"author vcard\">\n                                        <a href=\"https:\/\/www.somacentrum.online\/home\/author\/eppli14\/\" rel=\"author\" title=\"View all posts by eppli eva kub\u00e1\u0148ov\u00e1\" >\n                                            eppli eva kub\u00e1\u0148ov\u00e1                                        <\/a>\n                                    <\/span>\n                                                                                                    <span class=\"entry-tax aux-no-sep\">\n                                        <a href=\"https:\/\/www.somacentrum.online\/home\/category\/meditacia\/\" title=\"View all posts in medit\u00e1cia\" rel=\"category\" >medit\u00e1cia<\/a>                                    <\/span>\n                                                                                                                                            <\/div>\n                            \n                                                            <div class=\"entry-content\">\n                                                                            <p>\n\"Ak chcete, aby se va\u0161ich \u010diel dotklo vzne\u0161eno, tvorte vzne\u0161en\u00e9. Ak chcete by\u0165 pravdiv\u00fdmi, tvorte pravdu a ona v\u00e1s vyslobod\u00ed z p\u00fat osudu.\"\n\n\n\n\"Ak chce\u0161, aby tv ...<\/p><div class=\"clear\"><\/div>                                <\/div>\n                                                                                        <footer class=\"entry-meta aux-after-content\">\n                                                                        <div class=\"readmore\">\n                                        <a href=\"https:\/\/www.somacentrum.online\/home\/theurgia-ak-chcete-byt-krasnymi-tvorte-krasu\/\" class=\"aux-read-more\"><span class=\"aux-read-more-text\">Read More<\/span><\/a>\n                                    <\/div>\n                                                                    <\/footer>\n                            \n                            <\/div>\n\n                        <\/article>\n<\/div><div class=\"aux-col post-1408\">\n                        <article class=\"post column-entry post-1408 type-post status-publish format-standard has-post-thumbnail hentry category-fengsuej category-creativity tag-alternativa tag-creativity tag-thinking tag-balance tag-vastu-shastra\">\n                                                        <div class=\"entry-media\"><div class=\"aux-media-frame aux-media-image aux-image-mask\"><a href=\"https:\/\/www.somacentrum.online\/home\/bio-orientacia-pracoviska-podla-vastu-sastra\/\"><img decoding=\"async\" src=\"https:\/\/www.somacentrum.online\/home\/wp-content\/uploads\/2020\/10\/somA_vastu_kancelaria-337x189.jpg\" class=\"aux-attachment aux-featured-image attachment-336.666666667x188.533333333 aux-attachment-id-1411 \" alt=\"somA_vastu_kancelaria\" srcset=\"https:\/\/www.somacentrum.online\/home\/wp-content\/uploads\/2020\/10\/somA_vastu_kancelaria-150x84.jpg 150w,https:\/\/www.somacentrum.online\/home\/wp-content\/uploads\/2020\/10\/somA_vastu_kancelaria-300x168.jpg 300w,https:\/\/www.somacentrum.online\/home\/wp-content\/uploads\/2020\/10\/somA_vastu_kancelaria-768x430.jpg 768w,https:\/\/www.somacentrum.online\/home\/wp-content\/uploads\/2020\/10\/somA_vastu_kancelaria-337x189.jpg 337w,https:\/\/www.somacentrum.online\/home\/wp-content\/uploads\/2020\/10\/somA_vastu_kancelaria-950x532.jpg 950w\" data-ratio=\"1.79\" data-original-w=\"960\" sizes=\"(max-width:479px) 480px,(max-width:767px) 768px,(max-width:1023px) 1024px,337px\" \/><\/a><\/div><\/div>\n                            \n                            <div class=\"entry-main\">\n                                                        \n                                <header class=\"entry-header\">\n                                \n                                    <h4 class=\"entry-title\">\n                                        <a href=\"https:\/\/www.somacentrum.online\/home\/bio-orientacia-pracoviska-podla-vastu-sastra\/\">\n                                            \u201cbio\u201d orient\u00e1cia pracoviska pod\u013ea vastu \u0161\u00e1stra                                        <\/a>\n                                    <\/h4>\n                                                                    <div class=\"entry-format\">\n                                        <a href=\"https:\/\/www.somacentrum.online\/home\/bio-orientacia-pracoviska-podla-vastu-sastra\/\">\n                                            <div class=\"post-format format-\"> <\/div>\n                                        <\/a>\n                                    <\/div>\n                                <\/header>\n                                                            \n                                <div class=\"entry-info\">\n                                                                                                    <span class=\"entry-meta-sep meta-sep\">by<\/span>\n                                    <span class=\"author vcard\">\n                                        <a href=\"https:\/\/www.somacentrum.online\/home\/author\/eppli14\/\" rel=\"author\" title=\"View all posts by eppli eva kub\u00e1\u0148ov\u00e1\" >\n                                            eppli eva kub\u00e1\u0148ov\u00e1                                        <\/a>\n                                    <\/span>\n                                                                                                    <span class=\"entry-tax aux-no-sep\">\n                                        <a href=\"https:\/\/www.somacentrum.online\/home\/category\/fengsuej\/\" title=\"View all posts in feng \u0161uej a vastu\" rel=\"category\" >feng \u0161uej a vastu<\/a>                                    <\/span>\n                                                                                                                                            <\/div>\n                            \n                                                            <div class=\"entry-content\">\n                                                                            <p>\nH\u013ead\u00e1te ako harmonicky usporiada\u0165 va\u0161e pracovisko? \u010co tak pozrie\u0165 sa na to, ak\u00e9 rie\u0161enia v\u00e1m m\u00f4\u017ee pon\u00faknu\u0165 indick\u00e1 filozofia vastu \u0161\u00e1stra. Vastu filozofia vych ...<\/p><div class=\"clear\"><\/div>                                <\/div>\n                                                                                        <footer class=\"entry-meta aux-after-content\">\n                                                                        <div class=\"readmore\">\n                                        <a href=\"https:\/\/www.somacentrum.online\/home\/bio-orientacia-pracoviska-podla-vastu-sastra\/\" class=\"aux-read-more\"><span class=\"aux-read-more-text\">Read More<\/span><\/a>\n                                    <\/div>\n                                                                    <\/footer>\n                            \n                            <\/div>\n\n                        <\/article>\n<\/div><div class=\"aux-col post-1343\">\n                        <article class=\"post column-entry post-1343 type-post status-publish format-standard has-post-thumbnail hentry category-fengsuej category-creativity tag-alternativa tag-creativity tag-thinking tag-balance tag-vastu-shastra\">\n                                                        <div class=\"entry-media\"><div class=\"aux-media-frame aux-media-image aux-image-mask\"><a href=\"https:\/\/www.somacentrum.online\/home\/harmonia-bytu-s-vastu-sastra\/\"><img decoding=\"async\" src=\"https:\/\/www.somacentrum.online\/home\/wp-content\/uploads\/2020\/10\/somA_vastu_I-337x189.jpg\" class=\"aux-attachment aux-featured-image attachment-336.666666667x188.533333333 aux-attachment-id-1405 \" alt=\"somA_vastu_I\" srcset=\"https:\/\/www.somacentrum.online\/home\/wp-content\/uploads\/2020\/10\/somA_vastu_I-150x84.jpg 150w,https:\/\/www.somacentrum.online\/home\/wp-content\/uploads\/2020\/10\/somA_vastu_I-300x168.jpg 300w,https:\/\/www.somacentrum.online\/home\/wp-content\/uploads\/2020\/10\/somA_vastu_I-768x430.jpg 768w,https:\/\/www.somacentrum.online\/home\/wp-content\/uploads\/2020\/10\/somA_vastu_I-337x189.jpg 337w,https:\/\/www.somacentrum.online\/home\/wp-content\/uploads\/2020\/10\/somA_vastu_I-950x532.jpg 950w\" data-ratio=\"1.79\" data-original-w=\"960\" sizes=\"(max-width:479px) 480px,(max-width:767px) 768px,(max-width:1023px) 1024px,337px\" \/><\/a><\/div><\/div>\n                            \n                            <div class=\"entry-main\">\n                                                        \n                                <header class=\"entry-header\">\n                                \n                                    <h4 class=\"entry-title\">\n                                        <a href=\"https:\/\/www.somacentrum.online\/home\/harmonia-bytu-s-vastu-sastra\/\">\n                                            harm\u00f3nia bytu s vastu \u0161\u00e1stra                                        <\/a>\n                                    <\/h4>\n                                                                    <div class=\"entry-format\">\n                                        <a href=\"https:\/\/www.somacentrum.online\/home\/harmonia-bytu-s-vastu-sastra\/\">\n                                            <div class=\"post-format format-\"> <\/div>\n                                        <\/a>\n                                    <\/div>\n                                <\/header>\n                                                            \n                                <div class=\"entry-info\">\n                                                                                                    <span class=\"entry-meta-sep meta-sep\">by<\/span>\n                                    <span class=\"author vcard\">\n                                        <a href=\"https:\/\/www.somacentrum.online\/home\/author\/eppli14\/\" rel=\"author\" title=\"View all posts by eppli eva kub\u00e1\u0148ov\u00e1\" >\n                                            eppli eva kub\u00e1\u0148ov\u00e1                                        <\/a>\n                                    <\/span>\n                                                                                                    <span class=\"entry-tax aux-no-sep\">\n                                        <a href=\"https:\/\/www.somacentrum.online\/home\/category\/fengsuej\/\" title=\"View all posts in feng \u0161uej a vastu\" rel=\"category\" >feng \u0161uej a vastu<\/a>                                    <\/span>\n                                                                                                                                            <\/div>\n                            \n                                                            <div class=\"entry-content\">\n                                                                            <p>\nFilozofia vastu \u0161\u00e1stra je zalo\u017een\u00e1 na integr\u00e1cii architekt\u00fary s pr\u00edrodou. Zaober\u00e1 sa harmoniz\u00e1ciou a orient\u00e1ciou bytu, domu \u010di kancel\u00e1rie. Vastu vych\u00e1dza z ind ...<\/p><div class=\"clear\"><\/div>                                <\/div>\n                                                                                        <footer class=\"entry-meta aux-after-content\">\n                                                                        <div class=\"readmore\">\n                                        <a href=\"https:\/\/www.somacentrum.online\/home\/harmonia-bytu-s-vastu-sastra\/\" class=\"aux-read-more\"><span class=\"aux-read-more-text\">Read More<\/span><\/a>\n                                    <\/div>\n                                                                    <\/footer>\n                            \n                            <\/div>\n\n                        <\/article>\n<\/div><div class=\"aux-col post-870\">\n                        <article class=\"post column-entry post-870 type-post status-publish format-standard has-post-thumbnail hentry category-creativity category-relax tag-alternativa tag-art-therapy tag-creativity tag-thinking tag-self-reflection tag-health\">\n                                                        <div class=\"entry-media\"><div class=\"aux-media-frame aux-media-image aux-image-mask\"><a href=\"https:\/\/www.somacentrum.online\/home\/sebareflexia-v-metafore-jednoduchy-test\/\"><img decoding=\"async\" src=\"https:\/\/www.somacentrum.online\/home\/wp-content\/uploads\/2020\/08\/sebareflexia-337x189.jpg\" class=\"aux-attachment aux-featured-image attachment-336.666666667x188.533333333 aux-attachment-id-871 \" alt=\"sebareflexia\" srcset=\"https:\/\/www.somacentrum.online\/home\/wp-content\/uploads\/2020\/08\/sebareflexia-150x84.jpg 150w,https:\/\/www.somacentrum.online\/home\/wp-content\/uploads\/2020\/08\/sebareflexia-300x168.jpg 300w,https:\/\/www.somacentrum.online\/home\/wp-content\/uploads\/2020\/08\/sebareflexia-768x430.jpg 768w,https:\/\/www.somacentrum.online\/home\/wp-content\/uploads\/2020\/08\/sebareflexia-337x189.jpg 337w,https:\/\/www.somacentrum.online\/home\/wp-content\/uploads\/2020\/08\/sebareflexia-950x532.jpg 950w\" data-ratio=\"1.79\" data-original-w=\"960\" sizes=\"(max-width:479px) 480px,(max-width:767px) 768px,(max-width:1023px) 1024px,337px\" \/><\/a><\/div><\/div>\n                            \n                            <div class=\"entry-main\">\n                                                        \n                                <header class=\"entry-header\">\n                                \n                                    <h4 class=\"entry-title\">\n                                        <a href=\"https:\/\/www.somacentrum.online\/home\/sebareflexia-v-metafore-jednoduchy-test\/\">\n                                            sebareflexia v metafore: jednoduch\u00fd test                                        <\/a>\n                                    <\/h4>\n                                                                    <div class=\"entry-format\">\n                                        <a href=\"https:\/\/www.somacentrum.online\/home\/sebareflexia-v-metafore-jednoduchy-test\/\">\n                                            <div class=\"post-format format-\"> <\/div>\n                                        <\/a>\n                                    <\/div>\n                                <\/header>\n                                                            \n                                <div class=\"entry-info\">\n                                                                                                    <span class=\"entry-meta-sep meta-sep\">by<\/span>\n                                    <span class=\"author vcard\">\n                                        <a href=\"https:\/\/www.somacentrum.online\/home\/author\/eppli14\/\" rel=\"author\" title=\"View all posts by eppli eva kub\u00e1\u0148ov\u00e1\" >\n                                            eppli eva kub\u00e1\u0148ov\u00e1                                        <\/a>\n                                    <\/span>\n                                                                                                    <span class=\"entry-tax aux-no-sep\">\n                                        <a href=\"https:\/\/www.somacentrum.online\/home\/category\/creativity\/\" title=\"View all posts in kreativita\" rel=\"category\" >kreativita<\/a>                                    <\/span>\n                                                                                                                                            <\/div>\n                            \n                                                            <div class=\"entry-content\">\n                                                                            <p>\nKr\u00e1sa metafor spo\u010d\u00edva v odha\u013eovan\u00ed \u010di vypovedan\u00ed vec\u00ed v nov\u00fdch perspekt\u00edvach, ktor\u00e9 si uvedom\u00edme v\u010faka uva\u017eovaniu nad faktom podobnosti.\n\n\n\nAk by sme chceli na ...<\/p><div class=\"clear\"><\/div>                                <\/div>\n                                                                                        <footer class=\"entry-meta aux-after-content\">\n                                                                        <div class=\"readmore\">\n                                        <a href=\"https:\/\/www.somacentrum.online\/home\/sebareflexia-v-metafore-jednoduchy-test\/\" class=\"aux-read-more\"><span class=\"aux-read-more-text\">Read More<\/span><\/a>\n                                    <\/div>\n                                                                    <\/footer>\n                            \n                            <\/div>\n\n                        <\/article>\n<\/div><div class=\"aux-col post-650\">\n                        <article class=\"post column-entry post-650 type-post status-publish format-standard has-post-thumbnail hentry category-creativity category-makrobiotika tag-alternativa tag-creativity tag-macrobiotics tag-thinking tag-balance tag-vitality tag-health\">\n                                                        <div class=\"entry-media\"><div class=\"aux-media-frame aux-media-image aux-image-mask\"><a href=\"https:\/\/www.somacentrum.online\/home\/ako-sa-najest-a-nebyt-hladnym\/\"><img decoding=\"async\" src=\"https:\/\/www.somacentrum.online\/home\/wp-content\/uploads\/2020\/06\/somA_makrobiotika_a_index-337x189.jpg\" class=\"aux-attachment aux-featured-image attachment-336.666666667x188.533333333 aux-attachment-id-1406 \" alt=\"somA_makrobiotika_a_index\" srcset=\"https:\/\/www.somacentrum.online\/home\/wp-content\/uploads\/2020\/06\/somA_makrobiotika_a_index-150x84.jpg 150w,https:\/\/www.somacentrum.online\/home\/wp-content\/uploads\/2020\/06\/somA_makrobiotika_a_index-300x168.jpg 300w,https:\/\/www.somacentrum.online\/home\/wp-content\/uploads\/2020\/06\/somA_makrobiotika_a_index-768x430.jpg 768w,https:\/\/www.somacentrum.online\/home\/wp-content\/uploads\/2020\/06\/somA_makrobiotika_a_index-337x189.jpg 337w,https:\/\/www.somacentrum.online\/home\/wp-content\/uploads\/2020\/06\/somA_makrobiotika_a_index-950x532.jpg 950w\" data-ratio=\"1.79\" data-original-w=\"960\" sizes=\"(max-width:479px) 480px,(max-width:767px) 768px,(max-width:1023px) 1024px,337px\" \/><\/a><\/div><\/div>\n                            \n                            <div class=\"entry-main\">\n                                                        \n                                <header class=\"entry-header\">\n                                \n                                    <h4 class=\"entry-title\">\n                                        <a href=\"https:\/\/www.somacentrum.online\/home\/ako-sa-najest-a-nebyt-hladnym\/\">\n                                            ako sa najes\u0165 a neby\u0165 hladn\u00fd                                        <\/a>\n                                    <\/h4>\n                                                                    <div class=\"entry-format\">\n                                        <a href=\"https:\/\/www.somacentrum.online\/home\/ako-sa-najest-a-nebyt-hladnym\/\">\n                                            <div class=\"post-format format-\"> <\/div>\n                                        <\/a>\n                                    <\/div>\n                                <\/header>\n                                                            \n                                <div class=\"entry-info\">\n                                                                                                    <span class=\"entry-meta-sep meta-sep\">by<\/span>\n                                    <span class=\"author vcard\">\n                                        <a href=\"https:\/\/www.somacentrum.online\/home\/author\/eppli14\/\" rel=\"author\" title=\"View all posts by eppli eva kub\u00e1\u0148ov\u00e1\" >\n                                            eppli eva kub\u00e1\u0148ov\u00e1                                        <\/a>\n                                    <\/span>\n                                                                                                    <span class=\"entry-tax aux-no-sep\">\n                                        <a href=\"https:\/\/www.somacentrum.online\/home\/category\/creativity\/\" title=\"View all posts in kreativita\" rel=\"category\" >kreativita<\/a>                                    <\/span>\n                                                                                                                                            <\/div>\n                            \n                                                            <div class=\"entry-content\">\n                                                                            <p>\nPoniektor\u00ed to isto pozn\u00e1te \u2013 pocit takmer permanentn\u00e9ho hladu. Do s\u00fdte sa najete a o chv\u00ed\u013eu ste op\u00e4\u0165 hladn\u00fd.  Alebo nepr\u00edjemn\u00fd fakt, \u017ee unavi\u0165 m\u00f4\u017ee aj vynikaj\u00fa ...<\/p><div class=\"clear\"><\/div>                                <\/div>\n                                                                                        <footer class=\"entry-meta aux-after-content\">\n                                                                        <div class=\"readmore\">\n                                        <a href=\"https:\/\/www.somacentrum.online\/home\/ako-sa-najest-a-nebyt-hladnym\/\" class=\"aux-read-more\"><span class=\"aux-read-more-text\">Read More<\/span><\/a>\n                                    <\/div>\n                                                                    <\/footer>\n                            \n                            <\/div>\n\n                        <\/article>\n<\/div><div class=\"aux-col post-295\">\n                        <article class=\"post column-entry post-295 type-post status-publish format-standard has-post-thumbnail hentry category-creativity category-meditacia tag-alternativa tag-dychanie tag-creativity tag-meditation tag-thinking tag-relax tag-balance tag-vitality tag-health\">\n                                                        <div class=\"entry-media\"><div class=\"aux-media-frame aux-media-image aux-image-mask\"><a href=\"https:\/\/www.somacentrum.online\/home\/hnev-stres-i-zufalstvo-spolocne-sa-boja-hlbokeho-nadychu\/\"><img decoding=\"async\" src=\"https:\/\/www.somacentrum.online\/home\/wp-content\/uploads\/2020\/02\/woman-2435605_960_720-337x189.jpg\" class=\"aux-attachment aux-featured-image attachment-336.666666667x188.533333333 aux-attachment-id-417 \" alt=\"woman-2435605_960_720\" srcset=\"https:\/\/www.somacentrum.online\/home\/wp-content\/uploads\/2020\/02\/woman-2435605_960_720-150x84.jpg 150w,https:\/\/www.somacentrum.online\/home\/wp-content\/uploads\/2020\/02\/woman-2435605_960_720-300x168.jpg 300w,https:\/\/www.somacentrum.online\/home\/wp-content\/uploads\/2020\/02\/woman-2435605_960_720-768x430.jpg 768w,https:\/\/www.somacentrum.online\/home\/wp-content\/uploads\/2020\/02\/woman-2435605_960_720-337x189.jpg 337w,https:\/\/www.somacentrum.online\/home\/wp-content\/uploads\/2020\/02\/woman-2435605_960_720-950x532.jpg 950w\" data-ratio=\"1.79\" data-original-w=\"960\" sizes=\"(max-width:479px) 480px,(max-width:767px) 768px,(max-width:1023px) 1024px,337px\" \/><\/a><\/div><\/div>\n                            \n                            <div class=\"entry-main\">\n                                                        \n                                <header class=\"entry-header\">\n                                \n                                    <h4 class=\"entry-title\">\n                                        <a href=\"https:\/\/www.somacentrum.online\/home\/hnev-stres-i-zufalstvo-spolocne-sa-boja-hlbokeho-nadychu\/\">\n                                            hnev, stres i z\u00fafalstvo: spolo\u010dne sa boja hlbok\u00e9ho n\u00e1dychu                                        <\/a>\n                                    <\/h4>\n                                                                    <div class=\"entry-format\">\n                                        <a href=\"https:\/\/www.somacentrum.online\/home\/hnev-stres-i-zufalstvo-spolocne-sa-boja-hlbokeho-nadychu\/\">\n                                            <div class=\"post-format format-\"> <\/div>\n                                        <\/a>\n                                    <\/div>\n                                <\/header>\n                                                            \n                                <div class=\"entry-info\">\n                                                                                                    <span class=\"entry-meta-sep meta-sep\">by<\/span>\n                                    <span class=\"author vcard\">\n                                        <a href=\"https:\/\/www.somacentrum.online\/home\/author\/eppli14\/\" rel=\"author\" title=\"View all posts by eppli eva kub\u00e1\u0148ov\u00e1\" >\n                                            eppli eva kub\u00e1\u0148ov\u00e1                                        <\/a>\n                                    <\/span>\n                                                                                                    <span class=\"entry-tax aux-no-sep\">\n                                        <a href=\"https:\/\/www.somacentrum.online\/home\/category\/creativity\/\" title=\"View all posts in kreativita\" rel=\"category\" >kreativita<\/a>                                    <\/span>\n                                                                                                                                            <\/div>\n                            \n                                                            <div class=\"entry-content\">\n                                                                            <p>\nHnevu, stresu \u010di z\u00fafalstvu najviac pom\u00e1ha r\u00fdchle a plytk\u00e9 d\u00fdchanie\n\n\n\nPri r\u00fdchlom a plytkom d\u00fdchan\u00ed sa n\u00e1m do organizmu nedost\u00e1va dostato\u010dn\u00fd pr\u00edsun kysl\u00edka a m ...<\/p><div class=\"clear\"><\/div>                                <\/div>\n                                                                                        <footer class=\"entry-meta aux-after-content\">\n                                                                        <div class=\"readmore\">\n                                        <a href=\"https:\/\/www.somacentrum.online\/home\/hnev-stres-i-zufalstvo-spolocne-sa-boja-hlbokeho-nadychu\/\" class=\"aux-read-more\"><span class=\"aux-read-more-text\">Read More<\/span><\/a>\n                                    <\/div>\n                                                                    <\/footer>\n                            \n                            <\/div>\n\n                        <\/article>\n<\/div><div class=\"aux-col post-168\">\n                        <article class=\"post column-entry post-168 type-post status-publish format-standard has-post-thumbnail hentry category-fengsuej category-creativity tag-alternativa tag-feng-shui tag-creativity tag-thinking tag-balance\">\n                                                        <div class=\"entry-media\"><div class=\"aux-media-frame aux-media-image aux-image-mask\"><a href=\"https:\/\/www.somacentrum.online\/home\/na-co-si-davat-pozor-ak-chcem-byt-feng-suej\/\"><img decoding=\"async\" src=\"https:\/\/www.somacentrum.online\/home\/wp-content\/uploads\/2020\/02\/live-3104077_960_720-337x189.jpg\" class=\"aux-attachment aux-featured-image attachment-336.666666667x188.533333333 aux-attachment-id-421 \" alt=\"live-3104077_960_720\" srcset=\"https:\/\/www.somacentrum.online\/home\/wp-content\/uploads\/2020\/02\/live-3104077_960_720-150x84.jpg 150w,https:\/\/www.somacentrum.online\/home\/wp-content\/uploads\/2020\/02\/live-3104077_960_720-300x168.jpg 300w,https:\/\/www.somacentrum.online\/home\/wp-content\/uploads\/2020\/02\/live-3104077_960_720-768x430.jpg 768w,https:\/\/www.somacentrum.online\/home\/wp-content\/uploads\/2020\/02\/live-3104077_960_720-337x189.jpg 337w,https:\/\/www.somacentrum.online\/home\/wp-content\/uploads\/2020\/02\/live-3104077_960_720-950x532.jpg 950w\" data-ratio=\"1.79\" data-original-w=\"960\" sizes=\"(max-width:479px) 480px,(max-width:767px) 768px,(max-width:1023px) 1024px,337px\" \/><\/a><\/div><\/div>\n                            \n                            <div class=\"entry-main\">\n                                                        \n                                <header class=\"entry-header\">\n                                \n                                    <h4 class=\"entry-title\">\n                                        <a href=\"https:\/\/www.somacentrum.online\/home\/na-co-si-davat-pozor-ak-chcem-byt-feng-suej\/\">\n                                            na \u010do si d\u00e1va\u0165 pozor, ak chcem by\u0165 feng \u0161uej?                                        <\/a>\n                                    <\/h4>\n                                                                    <div class=\"entry-format\">\n                                        <a href=\"https:\/\/www.somacentrum.online\/home\/na-co-si-davat-pozor-ak-chcem-byt-feng-suej\/\">\n                                            <div class=\"post-format format-\"> <\/div>\n                                        <\/a>\n                                    <\/div>\n                                <\/header>\n                                                            \n                                <div class=\"entry-info\">\n                                                                                                    <span class=\"entry-meta-sep meta-sep\">by<\/span>\n                                    <span class=\"author vcard\">\n                                        <a href=\"https:\/\/www.somacentrum.online\/home\/author\/eppli14\/\" rel=\"author\" title=\"View all posts by eppli eva kub\u00e1\u0148ov\u00e1\" >\n                                            eppli eva kub\u00e1\u0148ov\u00e1                                        <\/a>\n                                    <\/span>\n                                                                                                    <span class=\"entry-tax aux-no-sep\">\n                                        <a href=\"https:\/\/www.somacentrum.online\/home\/category\/fengsuej\/\" title=\"View all posts in feng \u0161uej a vastu\" rel=\"category\" >feng \u0161uej a vastu<\/a>                                    <\/span>\n                                                                                                                                            <\/div>\n                            \n                                                            <div class=\"entry-content\">\n                                                                            <p>\nFeng \u0161uej je \u010d\u00ednsky filozofick\u00fd syst\u00e9m harmoniz\u00e1cie prostredia. Z\u00e1san\u00fd \u010das v dom\u00e1cnosti tr\u00e1vime po\u010das sp\u00e1nku. Je ide\u00e1lne za\u010da\u0165 harmoniz\u00e1ciou umiestnenia svojej ...<\/p><div class=\"clear\"><\/div>                                <\/div>\n                                                                                        <footer class=\"entry-meta aux-after-content\">\n                                                                        <div class=\"readmore\">\n                                        <a href=\"https:\/\/www.somacentrum.online\/home\/na-co-si-davat-pozor-ak-chcem-byt-feng-suej\/\" class=\"aux-read-more\"><span class=\"aux-read-more-text\">Read More<\/span><\/a>\n                                    <\/div>\n                                                                    <\/footer>\n                            \n                            <\/div>\n\n                        <\/article>\n<\/div><div class=\"aux-col post-126\">\n                        <article class=\"post column-entry post-126 type-post status-publish format-standard has-post-thumbnail hentry category-fengsuej category-creativity tag-alternativa tag-feng-shui tag-creativity tag-thinking\">\n                                                        <div class=\"entry-media\"><div class=\"aux-media-frame aux-media-image aux-image-mask\"><a href=\"https:\/\/www.somacentrum.online\/home\/pozor-na-nevhodne-dary-do-domu\/\"><img decoding=\"async\" src=\"https:\/\/www.somacentrum.online\/home\/wp-content\/uploads\/2020\/02\/gift-1420830_960_720-337x189.jpg\" class=\"aux-attachment aux-featured-image attachment-336.666666667x188.533333333 aux-attachment-id-426 \" alt=\"gift-1420830_960_720\" srcset=\"https:\/\/www.somacentrum.online\/home\/wp-content\/uploads\/2020\/02\/gift-1420830_960_720-150x84.jpg 150w,https:\/\/www.somacentrum.online\/home\/wp-content\/uploads\/2020\/02\/gift-1420830_960_720-300x168.jpg 300w,https:\/\/www.somacentrum.online\/home\/wp-content\/uploads\/2020\/02\/gift-1420830_960_720-768x430.jpg 768w,https:\/\/www.somacentrum.online\/home\/wp-content\/uploads\/2020\/02\/gift-1420830_960_720-337x189.jpg 337w,https:\/\/www.somacentrum.online\/home\/wp-content\/uploads\/2020\/02\/gift-1420830_960_720-950x532.jpg 950w\" data-ratio=\"1.79\" data-original-w=\"960\" sizes=\"(max-width:479px) 480px,(max-width:767px) 768px,(max-width:1023px) 1024px,337px\" \/><\/a><\/div><\/div>\n                            \n                            <div class=\"entry-main\">\n                                                        \n                                <header class=\"entry-header\">\n                                \n                                    <h4 class=\"entry-title\">\n                                        <a href=\"https:\/\/www.somacentrum.online\/home\/pozor-na-nevhodne-dary-do-domu\/\">\n                                            nevhodn\u00e9 dary do domu?                                        <\/a>\n                                    <\/h4>\n                                                                    <div class=\"entry-format\">\n                                        <a href=\"https:\/\/www.somacentrum.online\/home\/pozor-na-nevhodne-dary-do-domu\/\">\n                                            <div class=\"post-format format-\"> <\/div>\n                                        <\/a>\n                                    <\/div>\n                                <\/header>\n                                                            \n                                <div class=\"entry-info\">\n                                                                                                    <span class=\"entry-meta-sep meta-sep\">by<\/span>\n                                    <span class=\"author vcard\">\n                                        <a href=\"https:\/\/www.somacentrum.online\/home\/author\/eppli14\/\" rel=\"author\" title=\"View all posts by eppli eva kub\u00e1\u0148ov\u00e1\" >\n                                            eppli eva kub\u00e1\u0148ov\u00e1                                        <\/a>\n                                    <\/span>\n                                                                                                    <span class=\"entry-tax aux-no-sep\">\n                                        <a href=\"https:\/\/www.somacentrum.online\/home\/category\/fengsuej\/\" title=\"View all posts in feng \u0161uej a vastu\" rel=\"category\" >feng \u0161uej a vastu<\/a>                                    <\/span>\n                                                                                                                                            <\/div>\n                            \n                                                            <div class=\"entry-content\">\n                                                                            <p>\nOSTR\u00c9 PREDMETY\n\n\n\nDarovanie ostr\u00fdch, \u0161picat\u00fdch alebo inak zra\u0148uj\u00facich predmetov prin\u00e1\u0161a mimoriadne negat\u00edvnu energiu. Vyhnite sa preto darovaniu vec\u00ed ako s\u00fa: \u2013 ...<\/p><div class=\"clear\"><\/div>                                <\/div>\n                                                                                        <footer class=\"entry-meta aux-after-content\">\n                                                                        <div class=\"readmore\">\n                                        <a href=\"https:\/\/www.somacentrum.online\/home\/pozor-na-nevhodne-dary-do-domu\/\" class=\"aux-read-more\"><span class=\"aux-read-more-text\">Read More<\/span><\/a>\n                                    <\/div>\n                                                                    <\/footer>\n                            \n                            <\/div>\n\n                        <\/article>\n<\/div><div class=\"aux-col post-54\">\n                        <article class=\"post column-entry post-54 type-post status-publish format-standard has-post-thumbnail hentry category-nezaradene tag-hermetika tag-thinking tag-theurgia\">\n                                                        <div class=\"entry-media\"><div class=\"aux-media-frame aux-media-image aux-image-mask\"><a href=\"https:\/\/www.somacentrum.online\/home\/desatoro-v-nabozenstvach\/\"><img decoding=\"async\" src=\"https:\/\/www.somacentrum.online\/home\/wp-content\/uploads\/2020\/02\/book-3998252_960_720-337x189.jpg\" class=\"aux-attachment aux-featured-image attachment-336.666666667x188.533333333 aux-attachment-id-424 \" alt=\"book-3998252_960_720\" srcset=\"https:\/\/www.somacentrum.online\/home\/wp-content\/uploads\/2020\/02\/book-3998252_960_720-150x84.jpg 150w,https:\/\/www.somacentrum.online\/home\/wp-content\/uploads\/2020\/02\/book-3998252_960_720-300x168.jpg 300w,https:\/\/www.somacentrum.online\/home\/wp-content\/uploads\/2020\/02\/book-3998252_960_720-768x430.jpg 768w,https:\/\/www.somacentrum.online\/home\/wp-content\/uploads\/2020\/02\/book-3998252_960_720-337x189.jpg 337w,https:\/\/www.somacentrum.online\/home\/wp-content\/uploads\/2020\/02\/book-3998252_960_720-950x532.jpg 950w\" data-ratio=\"1.79\" data-original-w=\"960\" sizes=\"(max-width:479px) 480px,(max-width:767px) 768px,(max-width:1023px) 1024px,337px\" \/><\/a><\/div><\/div>\n                            \n                            <div class=\"entry-main\">\n                                                        \n                                <header class=\"entry-header\">\n                                \n                                    <h4 class=\"entry-title\">\n                                        <a href=\"https:\/\/www.somacentrum.online\/home\/desatoro-v-nabozenstvach\/\">\n                                            desatoro v n\u00e1bo\u017eenstv\u00e1ch                                        <\/a>\n                                    <\/h4>\n                                                                    <div class=\"entry-format\">\n                                        <a href=\"https:\/\/www.somacentrum.online\/home\/desatoro-v-nabozenstvach\/\">\n                                            <div class=\"post-format format-\"> <\/div>\n                                        <\/a>\n                                    <\/div>\n                                <\/header>\n                                                            \n                                <div class=\"entry-info\">\n                                                                                                    <span class=\"entry-meta-sep meta-sep\">by<\/span>\n                                    <span class=\"author vcard\">\n                                        <a href=\"https:\/\/www.somacentrum.online\/home\/author\/eppli14\/\" rel=\"author\" title=\"View all posts by eppli eva kub\u00e1\u0148ov\u00e1\" >\n                                            eppli eva kub\u00e1\u0148ov\u00e1                                        <\/a>\n                                    <\/span>\n                                                                                                    <span class=\"entry-tax aux-no-sep\">\n                                        <a href=\"https:\/\/www.somacentrum.online\/home\/category\/nezaradene\/\" title=\"View all posts in Nezaraden\u00e9\" rel=\"category\" >Nezaraden\u00e9<\/a>                                    <\/span>\n                                                                                                                                            <\/div>\n                            \n                                                            <div class=\"entry-content\">\n                                                                            <p>\nPod\u013ea Star\u00e9ho z\u00e1kona dal Boh\/Jahve desa\u0165 Bo\u017e\u00edch prik\u00e1zan\u00ed alebo  \"Desatoro\" \u017didom prostredn\u00edctvom Moj\u017ei\u0161a, ktor\u00e9 prevzalo aj kres\u0165anstvo a islam.&nbsp;Desa\u0165 z\u00e1 ...<\/p><div class=\"clear\"><\/div>                                <\/div>\n                                                                                        <footer class=\"entry-meta aux-after-content\">\n                                                                        <div class=\"readmore\">\n                                        <a href=\"https:\/\/www.somacentrum.online\/home\/desatoro-v-nabozenstvach\/\" class=\"aux-read-more\"><span class=\"aux-read-more-text\">Read More<\/span><\/a>\n                                    <\/div>\n                                                                    <\/footer>\n                            \n                            <\/div>\n\n                        <\/article>\n<\/div><div class=\"aux-col post-50\">\n                        <article class=\"post column-entry post-50 type-post status-publish format-standard has-post-thumbnail hentry category-creativity category-meditacia tag-alternativa tag-creativity tag-thinking\">\n                                                        <div class=\"entry-media\"><div class=\"aux-media-frame aux-media-image aux-image-mask\"><a href=\"https:\/\/www.somacentrum.online\/home\/absolutny-kruh\/\"><img decoding=\"async\" src=\"https:\/\/www.somacentrum.online\/home\/wp-content\/uploads\/2020\/02\/kruh-337x189.jpg\" class=\"aux-attachment aux-featured-image attachment-336.666666667x188.533333333 aux-attachment-id-431 \" alt=\"kruh\" srcset=\"https:\/\/www.somacentrum.online\/home\/wp-content\/uploads\/2020\/02\/kruh-150x84.jpg 150w,https:\/\/www.somacentrum.online\/home\/wp-content\/uploads\/2020\/02\/kruh-300x168.jpg 300w,https:\/\/www.somacentrum.online\/home\/wp-content\/uploads\/2020\/02\/kruh-768x430.jpg 768w,https:\/\/www.somacentrum.online\/home\/wp-content\/uploads\/2020\/02\/kruh-337x189.jpg 337w,https:\/\/www.somacentrum.online\/home\/wp-content\/uploads\/2020\/02\/kruh-950x532.jpg 950w\" data-ratio=\"1.79\" data-original-w=\"960\" sizes=\"(max-width:479px) 480px,(max-width:767px) 768px,(max-width:1023px) 1024px,337px\" \/><\/a><\/div><\/div>\n                            \n                            <div class=\"entry-main\">\n                                                        \n                                <header class=\"entry-header\">\n                                \n                                    <h4 class=\"entry-title\">\n                                        <a href=\"https:\/\/www.somacentrum.online\/home\/absolutny-kruh\/\">\n                                            absol\u00fatny kruh                                        <\/a>\n                                    <\/h4>\n                                                                    <div class=\"entry-format\">\n                                        <a href=\"https:\/\/www.somacentrum.online\/home\/absolutny-kruh\/\">\n                                            <div class=\"post-format format-\"> <\/div>\n                                        <\/a>\n                                    <\/div>\n                                <\/header>\n                                                            \n                                <div class=\"entry-info\">\n                                                                                                    <span class=\"entry-meta-sep meta-sep\">by<\/span>\n                                    <span class=\"author vcard\">\n                                        <a href=\"https:\/\/www.somacentrum.online\/home\/author\/eppli14\/\" rel=\"author\" title=\"View all posts by eppli eva kub\u00e1\u0148ov\u00e1\" >\n                                            eppli eva kub\u00e1\u0148ov\u00e1                                        <\/a>\n                                    <\/span>\n                                                                                                    <span class=\"entry-tax aux-no-sep\">\n                                        <a href=\"https:\/\/www.somacentrum.online\/home\/category\/creativity\/\" title=\"View all posts in kreativita\" rel=\"category\" >kreativita<\/a>                                    <\/span>\n                                                                                                                                            <\/div>\n                            \n                                                            <div class=\"entry-content\">\n                                                                            <p>\nVn\u00fatorn\u00e9 presved\u010denie v dan\u00fa vec. Absol\u00fatne stanovisko, ktor\u00e9 je reflexn\u00e9, je flexibiln\u00e9. Ni\u010d nie je jednozna\u010dn\u00e9, v\u017edy je mo\u017enos\u0165 meni\u0165 poz\u00edciu pri pozorovan\u00ed  ...<\/p><div class=\"clear\"><\/div>                                <\/div>\n                                                                                        <footer class=\"entry-meta aux-after-content\">\n                                                                        <div class=\"readmore\">\n                                        <a href=\"https:\/\/www.somacentrum.online\/home\/absolutny-kruh\/\" class=\"aux-read-more\"><span class=\"aux-read-more-text\">Read More<\/span><\/a>\n                                    <\/div>\n                                                                    <\/footer>\n                            \n                            <\/div>\n\n                        <\/article>\n<\/div><div class=\"aux-col post-1\">\n                        <article class=\"post column-entry post-1 type-post status-publish format-standard has-post-thumbnail hentry category-arteterapia category-creativity category-meditacia tag-alternativa tag-art-therapy tag-creativity tag-thinking\">\n                                                        <div class=\"entry-media\"><div class=\"aux-media-frame aux-media-image aux-image-mask\"><a href=\"https:\/\/www.somacentrum.online\/home\/alternative-in-thinking\/\"><img decoding=\"async\" src=\"https:\/\/www.somacentrum.online\/home\/wp-content\/uploads\/2020\/02\/street-art-337x189.jpg\" class=\"aux-attachment aux-featured-image attachment-336.666666667x188.533333333 aux-attachment-id-432 \" alt=\"street-art\" srcset=\"https:\/\/www.somacentrum.online\/home\/wp-content\/uploads\/2020\/02\/street-art-150x84.jpg 150w,https:\/\/www.somacentrum.online\/home\/wp-content\/uploads\/2020\/02\/street-art-300x168.jpg 300w,https:\/\/www.somacentrum.online\/home\/wp-content\/uploads\/2020\/02\/street-art-768x430.jpg 768w,https:\/\/www.somacentrum.online\/home\/wp-content\/uploads\/2020\/02\/street-art-337x189.jpg 337w,https:\/\/www.somacentrum.online\/home\/wp-content\/uploads\/2020\/02\/street-art-950x532.jpg 950w\" data-ratio=\"1.79\" data-original-w=\"960\" sizes=\"(max-width:479px) 480px,(max-width:767px) 768px,(max-width:1023px) 1024px,337px\" \/><\/a><\/div><\/div>\n                            \n                            <div class=\"entry-main\">\n                                                        \n                                <header class=\"entry-header\">\n                                \n                                    <h4 class=\"entry-title\">\n                                        <a href=\"https:\/\/www.somacentrum.online\/home\/alternative-in-thinking\/\">\n                                            alternat\u00edva v myslen\u00ed                                        <\/a>\n                                    <\/h4>\n                                                                    <div class=\"entry-format\">\n                                        <a href=\"https:\/\/www.somacentrum.online\/home\/alternative-in-thinking\/\">\n                                            <div class=\"post-format format-\"> <\/div>\n                                        <\/a>\n                                    <\/div>\n                                <\/header>\n                                                            \n                                <div class=\"entry-info\">\n                                                                                                    <span class=\"entry-meta-sep meta-sep\">by<\/span>\n                                    <span class=\"author vcard\">\n                                        <a href=\"https:\/\/www.somacentrum.online\/home\/author\/eppli14\/\" rel=\"author\" title=\"View all posts by eppli eva kub\u00e1\u0148ov\u00e1\" >\n                                            eppli eva kub\u00e1\u0148ov\u00e1                                        <\/a>\n                                    <\/span>\n                                                                                                    <span class=\"entry-tax aux-no-sep\">\n                                        <a href=\"https:\/\/www.somacentrum.online\/home\/category\/arteterapia\/\" title=\"View all posts in arteterapia\" rel=\"category\" >arteterapia<\/a>                                    <\/span>\n                                                                                                                                            <\/div>\n                            \n                                                            <div class=\"entry-content\">\n                                                                            <p>\nsomA centrum kreat\u00edvneho myslenia prin\u00e1\u0161a alternat\u00edvu v myslen\u00ed\u2022 naru\u0161enie zau\u017e\u00edvan\u00fdch sp\u00f4sobov myslenia \u2022 zmenu do \u017eivota \u010dloveka a davu \u2022 nov\u00fd poh\u013ead na \u017eivo ...<\/p><div class=\"clear\"><\/div>                                <\/div>\n                                                                                        <footer class=\"entry-meta aux-after-content\">\n                                                                        <div class=\"readmore\">\n                                        <a href=\"https:\/\/www.somacentrum.online\/home\/alternative-in-thinking\/\" class=\"aux-read-more\"><span class=\"aux-read-more-text\">Read More<\/span><\/a>\n                                    <\/div>\n                                                                    <\/footer>\n                            \n                            <\/div>\n\n                        <\/article>\n<\/div><\/div><\/section><!-- widget-container -->\t\t\t\t<\/div>\n\t\t\t\t<\/div>\n\t\t\t\t\t<\/div>\n\t\t<\/div>\n\t\t\t\t\t<\/div>\n\t\t<\/section>\n\t\t\t\t<\/div>\n\t\t","protected":false},"excerpt":{"rendered":"<p>Pozor na skryt\u00e9 cukry \u2013 glykemick\u00fd index potrav\u00edn! by eppli eva kub\u00e1\u0148ov\u00e1 makrobiotika | Edit Princ\u00edpom zdrav\u00e9ho stravovania sa ako aj naj\u00fa\u010dinej\u0161\u00edm sp\u00f4sobom efekt\u00edvneho chudnutia\u00a0(okrem fyzickej aktivity), je i pr\u00edjem potrav\u00edn s n\u00edzkym glykemickym index &#8230; Read More voda a rovnov\u00e1ha tela by eppli eva kub\u00e1\u0148ov\u00e1 makrobiotika | Edit Nedostatok prij\u00edmania tekut\u00edn \u2013 dehydrat\u00e1cia m\u00f4\u017ee [&hellip;]<\/p>\n","protected":false},"author":1,"featured_media":0,"parent":0,"menu_order":0,"comment_status":"closed","ping_status":"closed","template":"","meta":{"om_disable_all_campaigns":false,"_monsterinsights_skip_tracking":false,"_monsterinsights_sitenote_active":false,"_monsterinsights_sitenote_note":"","_monsterinsights_sitenote_category":0,"_uf_show_specific_survey":0,"_uf_disable_surveys":false,"footnotes":""},"class_list":["post-841","page","type-page","status-publish","hentry"],"aioseo_notices":[],"yoast_head":"<!-- This site is optimized with the Yoast SEO plugin v26.4 - https:\/\/yoast.com\/wordpress\/plugins\/seo\/ -->\n<title>blog - somA centrum<\/title>\n<meta name=\"robots\" content=\"index, follow, max-snippet:-1, max-image-preview:large, max-video-preview:-1\" \/>\n<link rel=\"canonical\" href=\"https:\/\/www.somacentrum.online\/home\/blog\/\" \/>\n<meta property=\"og:locale\" content=\"sk_SK\" \/>\n<meta property=\"og:type\" content=\"article\" \/>\n<meta property=\"og:title\" content=\"blog - somA centrum\" \/>\n<meta property=\"og:description\" content=\"Pozor na skryt\u00e9 cukry \u2013 glykemick\u00fd index potrav\u00edn! by eppli eva kub\u00e1\u0148ov\u00e1 makrobiotika | Edit Princ\u00edpom zdrav\u00e9ho stravovania sa ako aj naj\u00fa\u010dinej\u0161\u00edm sp\u00f4sobom efekt\u00edvneho chudnutia\u00a0(okrem fyzickej aktivity), je i pr\u00edjem potrav\u00edn s n\u00edzkym glykemickym index &#8230; Read More voda a rovnov\u00e1ha tela by eppli eva kub\u00e1\u0148ov\u00e1 makrobiotika | Edit Nedostatok prij\u00edmania tekut\u00edn \u2013 dehydrat\u00e1cia m\u00f4\u017ee [&hellip;]\" \/>\n<meta property=\"og:url\" content=\"https:\/\/www.somacentrum.online\/home\/blog\/\" \/>\n<meta property=\"og:site_name\" content=\"somA centrum\" \/>\n<meta property=\"article:modified_time\" content=\"2025-12-03T20:11:52+00:00\" \/>\n<meta property=\"og:image\" content=\"https:\/\/www.somacentrum.online\/home\/wp-content\/uploads\/2025\/12\/glykemicky-index-potravin-337x189.jpg\" \/>\n<meta name=\"twitter:card\" content=\"summary_large_image\" \/>\n<meta name=\"twitter:label1\" content=\"Predpokladan\u00fd \u010das \u010d\u00edtania\" \/>\n\t<meta name=\"twitter:data1\" content=\"4 min\u00faty\" \/>\n<script type=\"application\/ld+json\" class=\"yoast-schema-graph\">{\"@context\":\"https:\/\/schema.org\",\"@graph\":[{\"@type\":\"WebPage\",\"@id\":\"https:\/\/www.somacentrum.online\/home\/blog\/\",\"url\":\"https:\/\/www.somacentrum.online\/home\/blog\/\",\"name\":\"blog - somA centrum\",\"isPartOf\":{\"@id\":\"https:\/\/www.somacentrum.online\/home\/#website\"},\"primaryImageOfPage\":{\"@id\":\"https:\/\/www.somacentrum.online\/home\/blog\/#primaryimage\"},\"image\":{\"@id\":\"https:\/\/www.somacentrum.online\/home\/blog\/#primaryimage\"},\"thumbnailUrl\":\"https:\/\/www.somacentrum.online\/home\/wp-content\/uploads\/2025\/12\/glykemicky-index-potravin-337x189.jpg\",\"datePublished\":\"2020-08-18T22:10:30+00:00\",\"dateModified\":\"2025-12-03T20:11:52+00:00\",\"breadcrumb\":{\"@id\":\"https:\/\/www.somacentrum.online\/home\/blog\/#breadcrumb\"},\"inLanguage\":\"sk-SK\",\"potentialAction\":[{\"@type\":\"ReadAction\",\"target\":[\"https:\/\/www.somacentrum.online\/home\/blog\/\"]}]},{\"@type\":\"ImageObject\",\"inLanguage\":\"sk-SK\",\"@id\":\"https:\/\/www.somacentrum.online\/home\/blog\/#primaryimage\",\"url\":\"https:\/\/www.somacentrum.online\/home\/wp-content\/uploads\/2025\/12\/glykemicky-index-potravin.jpg\",\"contentUrl\":\"https:\/\/www.somacentrum.online\/home\/wp-content\/uploads\/2025\/12\/glykemicky-index-potravin.jpg\",\"width\":1280,\"height\":830},{\"@type\":\"BreadcrumbList\",\"@id\":\"https:\/\/www.somacentrum.online\/home\/blog\/#breadcrumb\",\"itemListElement\":[{\"@type\":\"ListItem\",\"position\":1,\"name\":\"Home\",\"item\":\"https:\/\/www.somacentrum.online\/home\/\"},{\"@type\":\"ListItem\",\"position\":2,\"name\":\"blog\"}]},{\"@type\":\"WebSite\",\"@id\":\"https:\/\/www.somacentrum.online\/home\/#website\",\"url\":\"https:\/\/www.somacentrum.online\/home\/\",\"name\":\"somA centrum\",\"description\":\"kreat\u00edvneho myslenia, o.z.\",\"potentialAction\":[{\"@type\":\"SearchAction\",\"target\":{\"@type\":\"EntryPoint\",\"urlTemplate\":\"https:\/\/www.somacentrum.online\/home\/?s={search_term_string}\"},\"query-input\":{\"@type\":\"PropertyValueSpecification\",\"valueRequired\":true,\"valueName\":\"search_term_string\"}}],\"inLanguage\":\"sk-SK\"}]}<\/script>\n<!-- \/ Yoast SEO plugin. -->","yoast_head_json":{"title":"blog - somA centrum","robots":{"index":"index","follow":"follow","max-snippet":"max-snippet:-1","max-image-preview":"max-image-preview:large","max-video-preview":"max-video-preview:-1"},"canonical":"https:\/\/www.somacentrum.online\/home\/blog\/","og_locale":"sk_SK","og_type":"article","og_title":"blog - somA centrum","og_description":"Pozor na skryt\u00e9 cukry \u2013 glykemick\u00fd index potrav\u00edn! by eppli eva kub\u00e1\u0148ov\u00e1 makrobiotika | Edit Princ\u00edpom zdrav\u00e9ho stravovania sa ako aj naj\u00fa\u010dinej\u0161\u00edm sp\u00f4sobom efekt\u00edvneho chudnutia\u00a0(okrem fyzickej aktivity), je i pr\u00edjem potrav\u00edn s n\u00edzkym glykemickym index &#8230; Read More voda a rovnov\u00e1ha tela by eppli eva kub\u00e1\u0148ov\u00e1 makrobiotika | Edit Nedostatok prij\u00edmania tekut\u00edn \u2013 dehydrat\u00e1cia m\u00f4\u017ee [&hellip;]","og_url":"https:\/\/www.somacentrum.online\/home\/blog\/","og_site_name":"somA centrum","article_modified_time":"2025-12-03T20:11:52+00:00","og_image":[{"url":"https:\/\/www.somacentrum.online\/home\/wp-content\/uploads\/2025\/12\/glykemicky-index-potravin-337x189.jpg","type":"","width":"","height":""}],"twitter_card":"summary_large_image","twitter_misc":{"Predpokladan\u00fd \u010das \u010d\u00edtania":"4 min\u00faty"},"schema":{"@context":"https:\/\/schema.org","@graph":[{"@type":"WebPage","@id":"https:\/\/www.somacentrum.online\/home\/blog\/","url":"https:\/\/www.somacentrum.online\/home\/blog\/","name":"blog - somA centrum","isPartOf":{"@id":"https:\/\/www.somacentrum.online\/home\/#website"},"primaryImageOfPage":{"@id":"https:\/\/www.somacentrum.online\/home\/blog\/#primaryimage"},"image":{"@id":"https:\/\/www.somacentrum.online\/home\/blog\/#primaryimage"},"thumbnailUrl":"https:\/\/www.somacentrum.online\/home\/wp-content\/uploads\/2025\/12\/glykemicky-index-potravin-337x189.jpg","datePublished":"2020-08-18T22:10:30+00:00","dateModified":"2025-12-03T20:11:52+00:00","breadcrumb":{"@id":"https:\/\/www.somacentrum.online\/home\/blog\/#breadcrumb"},"inLanguage":"sk-SK","potentialAction":[{"@type":"ReadAction","target":["https:\/\/www.somacentrum.online\/home\/blog\/"]}]},{"@type":"ImageObject","inLanguage":"sk-SK","@id":"https:\/\/www.somacentrum.online\/home\/blog\/#primaryimage","url":"https:\/\/www.somacentrum.online\/home\/wp-content\/uploads\/2025\/12\/glykemicky-index-potravin.jpg","contentUrl":"https:\/\/www.somacentrum.online\/home\/wp-content\/uploads\/2025\/12\/glykemicky-index-potravin.jpg","width":1280,"height":830},{"@type":"BreadcrumbList","@id":"https:\/\/www.somacentrum.online\/home\/blog\/#breadcrumb","itemListElement":[{"@type":"ListItem","position":1,"name":"Home","item":"https:\/\/www.somacentrum.online\/home\/"},{"@type":"ListItem","position":2,"name":"blog"}]},{"@type":"WebSite","@id":"https:\/\/www.somacentrum.online\/home\/#website","url":"https:\/\/www.somacentrum.online\/home\/","name":"somA centrum","description":"kreat\u00edvneho myslenia, o.z.","potentialAction":[{"@type":"SearchAction","target":{"@type":"EntryPoint","urlTemplate":"https:\/\/www.somacentrum.online\/home\/?s={search_term_string}"},"query-input":{"@type":"PropertyValueSpecification","valueRequired":true,"valueName":"search_term_string"}}],"inLanguage":"sk-SK"}]}},"_links":{"self":[{"href":"https:\/\/www.somacentrum.online\/home\/wp-json\/wp\/v2\/pages\/841","targetHints":{"allow":["GET"]}}],"collection":[{"href":"https:\/\/www.somacentrum.online\/home\/wp-json\/wp\/v2\/pages"}],"about":[{"href":"https:\/\/www.somacentrum.online\/home\/wp-json\/wp\/v2\/types\/page"}],"author":[{"embeddable":true,"href":"https:\/\/www.somacentrum.online\/home\/wp-json\/wp\/v2\/users\/1"}],"replies":[{"embeddable":true,"href":"https:\/\/www.somacentrum.online\/home\/wp-json\/wp\/v2\/comments?post=841"}],"version-history":[{"count":6,"href":"https:\/\/www.somacentrum.online\/home\/wp-json\/wp\/v2\/pages\/841\/revisions"}],"predecessor-version":[{"id":2476,"href":"https:\/\/www.somacentrum.online\/home\/wp-json\/wp\/v2\/pages\/841\/revisions\/2476"}],"wp:attachment":[{"href":"https:\/\/www.somacentrum.online\/home\/wp-json\/wp\/v2\/media?parent=841"}],"curies":[{"name":"wp","href":"https:\/\/api.w.org\/{rel}","templated":true}]}}